{"id":44,"date":"2011-06-02T18:34:16","date_gmt":"2011-06-02T18:34:16","guid":{"rendered":"http:\/\/julius.blank-media.de\/?page_id=44"},"modified":"2026-04-17T12:06:39","modified_gmt":"2026-04-17T10:06:39","slug":"reportagen","status":"publish","type":"page","link":"https:\/\/www.schophoff.de\/?page_id=44","title":{"rendered":"Texte"},"content":{"rendered":"<h1><a href=\"https:\/\/www.schophoff.de\/wp-content\/uploads\/2025\/08\/Ich-bin-eine-Insel_FAS.pdf\"><img loading=\"lazy\" decoding=\"async\" class=\"alignright  wp-image-1081\" src=\"https:\/\/www.schophoff.de\/wp-content\/uploads\/2025\/08\/Ich-bin-eine-Insel-Foto-214x300.png\" alt=\"\" width=\"600\" height=\"841\" srcset=\"https:\/\/www.schophoff.de\/wp-content\/uploads\/2025\/08\/Ich-bin-eine-Insel-Foto-214x300.png 214w, https:\/\/www.schophoff.de\/wp-content\/uploads\/2025\/08\/Ich-bin-eine-Insel-Foto-768x1078.png 768w, https:\/\/www.schophoff.de\/wp-content\/uploads\/2025\/08\/Ich-bin-eine-Insel-Foto-1094x1536.png 1094w, https:\/\/www.schophoff.de\/wp-content\/uploads\/2025\/08\/Ich-bin-eine-Insel-Foto-1459x2048.png 1459w, https:\/\/www.schophoff.de\/wp-content\/uploads\/2025\/08\/Ich-bin-eine-Insel-Foto.png 1460w\" sizes=\"(max-width: 600px) 100vw, 600px\" \/><\/a><\/h1>\n<div class=\"page\" title=\"Page 1\">\n<div class=\"layoutArea\">\n<div class=\"column\">\n<h3><a href=\"https:\/\/www.schophoff.de\/wp-content\/uploads\/2025\/08\/Ich-bin-eine-Insel_FAS.pdf\">Ich bin eine Insel<\/a><\/h3>\n<p>Sommer in Schweden, eine einsame Insel mit nur einem Haus. Jenseits des Festlands finden drei Freunde die Freiheit, sie selbst zu sein.<\/p>\n<p><span style=\"color: #ffffff;\">Frankfurter Allgemeine Sonntagszeitung, August 2025<\/span><\/p>\n<p><span style=\"color: #ffffff;\"><strong>Ausgezeichnet mit dem VDRJ-Medienpreis 2026 (Hauptpreis)<\/strong><\/span><\/p>\n<p><span style=\"color: #333333;\"><span style=\"caret-color: #333333;\">__________________________________________________________________________<\/span><\/span><\/p>\n<\/div>\n<\/div>\n<\/div>\n<h3><a href=\"https:\/\/www.schophoff.de\/wp-content\/uploads\/2024\/12\/Phaenomenologie-Die-Herzen-FAS.pdf\">Die Herzen<\/a><\/h3>\n<p><a href=\"https:\/\/www.schophoff.de\/wp-content\/uploads\/2024\/12\/Phaenomenologie-Die-Herzen-FAS.pdf\">&#8222;<span style=\"font-size: revert;\">So stehen sie da, nicht lang vor Weihnachten, die fliegenden Ha\u0308ndler mit ihren illegalen Herzen. Und der Eiffelturm strahlt und die LEDs blinken und der Wind weht kalt an diesem Winterabend in der Stadt der Liebe.&#8220;<\/span><\/a><\/p>\n<p><span style=\"color: #ffffff;\">Frankfurter Allgemeine Sonntagszeitung, Dezember 2024\u00a0<\/span><\/p>\n<p><span style=\"color: #333333;\"><span style=\"caret-color: #333333;\">__________________________________________________________________________<\/span><\/span><\/p>\n<h3><a href=\"https:\/\/www.schophoff.de\/wp-content\/uploads\/2024\/11\/Das-magische-Kanu_FAS.pdf\"><img loading=\"lazy\" decoding=\"async\" class=\"alignright  wp-image-1058\" src=\"https:\/\/www.schophoff.de\/wp-content\/uploads\/2024\/11\/Artikelfoto-Das-magische-Kanu-244x300.jpg\" alt=\"\" width=\"600\" height=\"738\" srcset=\"https:\/\/www.schophoff.de\/wp-content\/uploads\/2024\/11\/Artikelfoto-Das-magische-Kanu-244x300.jpg 244w, https:\/\/www.schophoff.de\/wp-content\/uploads\/2024\/11\/Artikelfoto-Das-magische-Kanu-833x1024.jpg 833w, https:\/\/www.schophoff.de\/wp-content\/uploads\/2024\/11\/Artikelfoto-Das-magische-Kanu-768x944.jpg 768w, https:\/\/www.schophoff.de\/wp-content\/uploads\/2024\/11\/Artikelfoto-Das-magische-Kanu-1250x1536.jpg 1250w, https:\/\/www.schophoff.de\/wp-content\/uploads\/2024\/11\/Artikelfoto-Das-magische-Kanu-1667x2048.jpg 1667w, https:\/\/www.schophoff.de\/wp-content\/uploads\/2024\/11\/Artikelfoto-Das-magische-Kanu.jpg 1688w\" sizes=\"(max-width: 600px) 100vw, 600px\" \/><\/a><\/h3>\n<h3>Das magische Kanu<\/h3>\n<div class=\"page\" title=\"Page 1\">\n<div class=\"layoutArea\">\n<div class=\"column\">\n<p>Heulende Ku\u0308stenwo\u0308lfe, lachsfressende Wa\u0308lder und eine tote Gro\u00dfmutter, die ihr Land beschu\u0308tzt: Unterwegs in den Fjorden des Great Bear Rainforest im Westen Kanadas<\/p>\n<\/div>\n<\/div>\n<\/div>\n<p><span style=\"color: #ffffff;\">Frankfurter Allgemeine Sonntagszeitung, November 2024\u00a0<\/span><\/p>\n<p><span style=\"color: #333333;\"><span style=\"caret-color: #333333;\">__________________________________________________________________________<\/span><\/span><\/p>\n<h3><a href=\"https:\/\/www.schophoff.de\/wp-content\/uploads\/2024\/11\/Von-der-Leichtigkeit-des-Bleis_SERVUS.pdf\"><img loading=\"lazy\" decoding=\"async\" class=\"alignright  wp-image-1059\" src=\"https:\/\/www.schophoff.de\/wp-content\/uploads\/2024\/11\/Artikelfoto-Leichtigkeit-des-Bleis-300x194.jpg\" alt=\"\" width=\"601\" height=\"388\" srcset=\"https:\/\/www.schophoff.de\/wp-content\/uploads\/2024\/11\/Artikelfoto-Leichtigkeit-des-Bleis-300x194.jpg 300w, https:\/\/www.schophoff.de\/wp-content\/uploads\/2024\/11\/Artikelfoto-Leichtigkeit-des-Bleis-1024x663.jpg 1024w, https:\/\/www.schophoff.de\/wp-content\/uploads\/2024\/11\/Artikelfoto-Leichtigkeit-des-Bleis-768x497.jpg 768w, https:\/\/www.schophoff.de\/wp-content\/uploads\/2024\/11\/Artikelfoto-Leichtigkeit-des-Bleis-1536x994.jpg 1536w, https:\/\/www.schophoff.de\/wp-content\/uploads\/2024\/11\/Artikelfoto-Leichtigkeit-des-Bleis-2048x1325.jpg 2048w\" sizes=\"(max-width: 601px) 100vw, 601px\" \/><\/a><\/h3>\n<h3><a href=\"https:\/\/www.schophoff.de\/wp-content\/uploads\/2024\/11\/Von-der-Leichtigkeit-des-Bleis_SERVUS.pdf\">Von der Leichtigkeit des Bleis<\/a><\/h3>\n<div class=\"page\" title=\"Page 1\">\n<div class=\"layoutArea\">\n<div class=\"column\">\n<p>Handdruckerin Susanne Kauth aus Regensburg verleiht der Arbeit an der Druckpresse etwas Schwereloses \u2013 und wei\u00df, dass es oft die Umwege und Fehlversuche sind, die das Leben ausmachen.<\/p>\n<p><span style=\"color: #ffffff;\">SERVUS Magazin, Oktober 2024<\/span><\/p>\n<p><span style=\"color: #333333;\"><span style=\"caret-color: #333333;\">__________________________________________________________________________<\/span><\/span><\/p>\n<\/div>\n<\/div>\n<\/div>\n<div class=\"page\" title=\"Page 1\">\n<div class=\"layoutArea\">\n<div class=\"column\">\n<h3><a href=\"https:\/\/www.schophoff.de\/wp-content\/uploads\/2024\/08\/Komm-wir-fangen-einen-Schatz_FAS.pdf\"><img loading=\"lazy\" decoding=\"async\" class=\"alignright  wp-image-1056\" src=\"https:\/\/www.schophoff.de\/wp-content\/uploads\/2024\/08\/Komm-wir-fangen-einen-Schatz-Artikelfoto-gross-1-213x300.jpg\" alt=\"\" width=\"600\" height=\"845\" srcset=\"https:\/\/www.schophoff.de\/wp-content\/uploads\/2024\/08\/Komm-wir-fangen-einen-Schatz-Artikelfoto-gross-1-213x300.jpg 213w, https:\/\/www.schophoff.de\/wp-content\/uploads\/2024\/08\/Komm-wir-fangen-einen-Schatz-Artikelfoto-gross-1-727x1024.jpg 727w, https:\/\/www.schophoff.de\/wp-content\/uploads\/2024\/08\/Komm-wir-fangen-einen-Schatz-Artikelfoto-gross-1-768x1082.jpg 768w, https:\/\/www.schophoff.de\/wp-content\/uploads\/2024\/08\/Komm-wir-fangen-einen-Schatz-Artikelfoto-gross-1-1091x1536.jpg 1091w, https:\/\/www.schophoff.de\/wp-content\/uploads\/2024\/08\/Komm-wir-fangen-einen-Schatz-Artikelfoto-gross-1-1454x2048.jpg 1454w, https:\/\/www.schophoff.de\/wp-content\/uploads\/2024\/08\/Komm-wir-fangen-einen-Schatz-Artikelfoto-gross-1.jpg 1460w\" sizes=\"(max-width: 600px) 100vw, 600px\" \/><\/a><\/h3>\n<\/div>\n<\/div>\n<\/div>\n<h3><a href=\"https:\/\/www.schophoff.de\/wp-content\/uploads\/2024\/08\/Komm-wir-fangen-einen-Schatz_FAS.pdf\">Komm, wir fangen einen Schatz<\/a><\/h3>\n<div class=\"page\" title=\"Page 1\">\n<div class=\"layoutArea\">\n<div class=\"column\">\n<p>Das gro\u0308\u00dfte Glu\u0308ck der Erde? Forellen, in guter Butter gebraten. Auf den Spuren von Janoschs Kinderbuchhelden kleiner Tiger und kleiner Ba\u0308r gehen Vater und Sohn auf Angelreise in den Bayerischen Wald.<\/p>\n<p><span style=\"color: #ffffff;\">Frankfurter Allgemeine Sonntagszeitung, August 2024\u00a0<\/span><\/p>\n<p><span style=\"color: #333333;\"><span style=\"caret-color: #333333;\">__________________________________________________________________________<\/span><\/span><\/p>\n<\/div>\n<\/div>\n<\/div>\n<h3><a href=\"https:\/\/www.schophoff.de\/wp-content\/uploads\/2024\/05\/Haus-im-See_FAS.pdf\"><img loading=\"lazy\" decoding=\"async\" class=\"alignright  wp-image-1048\" src=\"https:\/\/www.schophoff.de\/wp-content\/uploads\/2024\/05\/Haus-im-See_Artikelfoto-300x275.jpg\" alt=\"\" width=\"600\" height=\"550\" srcset=\"https:\/\/www.schophoff.de\/wp-content\/uploads\/2024\/05\/Haus-im-See_Artikelfoto-300x275.jpg 300w, https:\/\/www.schophoff.de\/wp-content\/uploads\/2024\/05\/Haus-im-See_Artikelfoto-1024x937.jpg 1024w, https:\/\/www.schophoff.de\/wp-content\/uploads\/2024\/05\/Haus-im-See_Artikelfoto-768x703.jpg 768w, https:\/\/www.schophoff.de\/wp-content\/uploads\/2024\/05\/Haus-im-See_Artikelfoto-1536x1405.jpg 1536w, https:\/\/www.schophoff.de\/wp-content\/uploads\/2024\/05\/Haus-im-See_Artikelfoto.jpg 2024w\" sizes=\"(max-width: 600px) 100vw, 600px\" \/><\/a><\/h3>\n<h3><a href=\"https:\/\/www.schophoff.de\/wp-content\/uploads\/2024\/05\/Haus-im-See_FAS.pdf\">Haus im See<\/a><\/h3>\n<div class=\"page\" title=\"Page 1\">\n<div class=\"layoutArea\">\n<div class=\"column\">\n<p>Auf einem der zweitausend Seen im schwedischen Dalsland treiben unser Autor und seine Familie in einer schwimmenden Ferienhu\u0308tte durch die Wildnis.<\/p>\n<p><span style=\"color: #ffffff;\">Frankfurter Allgemeine Sonntagszeitung, Mai 2024\u00a0<\/span><\/p>\n<p><span style=\"color: #333333;\"><span style=\"caret-color: #333333;\">__________________________________________________________________________<\/span><\/span><\/p>\n<h3><a href=\"https:\/\/www.schophoff.de\/wp-content\/uploads\/2023\/11\/Kinder-des-Ozeans_FAS.pdf\"><img loading=\"lazy\" decoding=\"async\" class=\"alignright  wp-image-1045\" src=\"https:\/\/www.schophoff.de\/wp-content\/uploads\/2023\/11\/Kinder-des-Ozeans-FAS-Artikelfoto-237x300.png\" alt=\"\" width=\"600\" height=\"759\" srcset=\"https:\/\/www.schophoff.de\/wp-content\/uploads\/2023\/11\/Kinder-des-Ozeans-FAS-Artikelfoto-237x300.png 237w, https:\/\/www.schophoff.de\/wp-content\/uploads\/2023\/11\/Kinder-des-Ozeans-FAS-Artikelfoto-810x1024.png 810w, https:\/\/www.schophoff.de\/wp-content\/uploads\/2023\/11\/Kinder-des-Ozeans-FAS-Artikelfoto-768x971.png 768w, https:\/\/www.schophoff.de\/wp-content\/uploads\/2023\/11\/Kinder-des-Ozeans-FAS-Artikelfoto-1215x1536.png 1215w, https:\/\/www.schophoff.de\/wp-content\/uploads\/2023\/11\/Kinder-des-Ozeans-FAS-Artikelfoto.png 1600w\" sizes=\"(max-width: 600px) 100vw, 600px\" \/><\/a><\/h3>\n<\/div>\n<\/div>\n<\/div>\n<h3><a href=\"https:\/\/www.schophoff.de\/wp-content\/uploads\/2023\/11\/Kinder-des-Ozeans_FAS.pdf\">Kinder des Ozeans<\/a><\/h3>\n<div class=\"page\" title=\"Page 1\">\n<div class=\"layoutArea\">\n<div class=\"column\">\n<p>Surfer aus aller Welt folgen den Wellen in einen kleinen Ort an Irlands Westk\u00fcste.<br \/>\nManche bleiben f\u00fcr immer.<\/p>\n<p><span style=\"color: #ffffff;\">Frankfurter Allgemeine Sonntagszeitung, Oktober 2023\u00a0<\/span><\/p>\n<p><span style=\"color: #333333;\"><span style=\"caret-color: #333333;\">__________________________________________________________________________<\/span><\/span><\/p>\n<\/div>\n<\/div>\n<\/div>\n<h3><\/h3>\n<h3><a href=\"https:\/\/www.schophoff.de\/wp-content\/uploads\/2023\/10\/Zurueck-in-die-Zukunft_FAS.pdf\"><img loading=\"lazy\" decoding=\"async\" class=\"alignright  wp-image-1041\" src=\"https:\/\/www.schophoff.de\/wp-content\/uploads\/2023\/10\/Zurueck-in-die-Zukunft-Artikelbild-gross-293x300.jpg\" alt=\"\" width=\"600\" height=\"615\" srcset=\"https:\/\/www.schophoff.de\/wp-content\/uploads\/2023\/10\/Zurueck-in-die-Zukunft-Artikelbild-gross-293x300.jpg 293w, https:\/\/www.schophoff.de\/wp-content\/uploads\/2023\/10\/Zurueck-in-die-Zukunft-Artikelbild-gross-1000x1024.jpg 1000w, https:\/\/www.schophoff.de\/wp-content\/uploads\/2023\/10\/Zurueck-in-die-Zukunft-Artikelbild-gross-768x787.jpg 768w, https:\/\/www.schophoff.de\/wp-content\/uploads\/2023\/10\/Zurueck-in-die-Zukunft-Artikelbild-gross-1500x1536.jpg 1500w, https:\/\/www.schophoff.de\/wp-content\/uploads\/2023\/10\/Zurueck-in-die-Zukunft-Artikelbild-gross.jpg 1992w\" sizes=\"(max-width: 600px) 100vw, 600px\" \/><\/a><\/h3>\n<h3><a href=\"https:\/\/www.schophoff.de\/wp-content\/uploads\/2023\/10\/Zurueck-in-die-Zukunft_FAS.pdf\">Zurueck in die Zukunft<\/a><\/h3>\n<p><span style=\"font-size: revert;\">Utrecht wirbt damit, eine der gr\u00fcnsten St\u00e4dte der Niederlande zu sein. Ist das nur Verkaufsstrategie? Oder kann man dort wirklich\u00a0so etwas wie nachhaltigen\u00a0Urlaub machen?<\/span><\/p>\n<div class=\"page\" title=\"Page 1\">\n<div class=\"layoutArea\">\n<div class=\"column\">\n<p><span style=\"color: #ffffff;\">Frankfurter Allgemeine Sonntagszeitung, Oktober 2023\u00a0<\/span><\/p>\n<p><span style=\"color: #333333;\"><span style=\"caret-color: #333333;\">__________________________________________________________________________<\/span><\/span><\/p>\n<\/div>\n<\/div>\n<\/div>\n<p><a href=\"https:\/\/www.schophoff.de\/wp-content\/uploads\/2023\/05\/Pssst_FAS.pdf\"><img loading=\"lazy\" decoding=\"async\" class=\"alignright  wp-image-1035\" src=\"https:\/\/www.schophoff.de\/wp-content\/uploads\/2023\/05\/Pssst-Artikelfoto-gross-296x300.jpg\" alt=\"\" width=\"600\" height=\"608\" srcset=\"https:\/\/www.schophoff.de\/wp-content\/uploads\/2023\/05\/Pssst-Artikelfoto-gross-296x300.jpg 296w, https:\/\/www.schophoff.de\/wp-content\/uploads\/2023\/05\/Pssst-Artikelfoto-gross-1012x1024.jpg 1012w, https:\/\/www.schophoff.de\/wp-content\/uploads\/2023\/05\/Pssst-Artikelfoto-gross-768x777.jpg 768w, https:\/\/www.schophoff.de\/wp-content\/uploads\/2023\/05\/Pssst-Artikelfoto-gross-1518x1536.jpg 1518w, https:\/\/www.schophoff.de\/wp-content\/uploads\/2023\/05\/Pssst-Artikelfoto-gross.jpg 1998w\" sizes=\"(max-width: 600px) 100vw, 600px\" \/><br \/>\n<\/a><\/p>\n<h3><a href=\"https:\/\/www.schophoff.de\/wp-content\/uploads\/2023\/05\/Pssst_FAS.pdf\">Pssst!<\/a><\/h3>\n<div class=\"page\" title=\"Page 1\">\n<div class=\"layoutArea\">\n<div class=\"column\">\n<p>Zur Ruhe kommen, in einem S\u00fcdtiroler Klosterdorf und einer H\u00fctte in den Bergen.<br \/>\nDem\u00a0Kind die Wunder der Stille zeigen. Ist das wirklich eine gute Idee?<\/p>\n<\/div>\n<\/div>\n<\/div>\n<p><span style=\"color: #ffffff;\">Frankfurter Allgemeine Sonntagszeitung, April 2023<\/span><\/p>\n<p><span style=\"color: #333333;\"><span style=\"caret-color: #333333;\">__________________________________________________________________________<\/span><\/span><\/p>\n<h3><a href=\"https:\/\/www.schophoff.de\/wp-content\/uploads\/2023\/04\/Dreams-are-my-Reality_SCIENCE-NOTES.pdf\"><img loading=\"lazy\" decoding=\"async\" class=\"alignright  wp-image-1020\" src=\"https:\/\/www.schophoff.de\/wp-content\/uploads\/2023\/04\/Dreams-are-my-reality-Artikelfoto-300x209.png\" alt=\"\" width=\"600\" height=\"418\" srcset=\"https:\/\/www.schophoff.de\/wp-content\/uploads\/2023\/04\/Dreams-are-my-reality-Artikelfoto-300x209.png 300w, https:\/\/www.schophoff.de\/wp-content\/uploads\/2023\/04\/Dreams-are-my-reality-Artikelfoto-1024x712.png 1024w, https:\/\/www.schophoff.de\/wp-content\/uploads\/2023\/04\/Dreams-are-my-reality-Artikelfoto-768x534.png 768w, https:\/\/www.schophoff.de\/wp-content\/uploads\/2023\/04\/Dreams-are-my-reality-Artikelfoto-1536x1068.png 1536w, https:\/\/www.schophoff.de\/wp-content\/uploads\/2023\/04\/Dreams-are-my-reality-Artikelfoto-2048x1424.png 2048w\" sizes=\"(max-width: 600px) 100vw, 600px\" \/><\/a><\/h3>\n<h3><a href=\"https:\/\/www.schophoff.de\/wp-content\/uploads\/2023\/04\/Dreams-are-my-Reality_SCIENCE-NOTES.pdf\">Dreams are my reality<\/a><\/h3>\n<p>Ist es nicht vorstellbar, dass wir, wenn dieses Leben endet, pl\u00f6tzlich wie aus einem Traum erwachen?<\/p>\n<p><span style=\"color: #ffffff;\">SCIENCE NOTES, April 2023<\/span><\/p>\n<p><span style=\"color: #333333;\">___________________________________________________________________________<\/span><\/p>\n<h3><a href=\"https:\/\/www.schophoff.de\/wp-content\/uploads\/2023\/03\/Aus-der-Tiefe_FAS.pdf\"><img loading=\"lazy\" decoding=\"async\" class=\"alignright  wp-image-1016\" src=\"https:\/\/www.schophoff.de\/wp-content\/uploads\/2023\/03\/Aus-der-Tiefe-FAS-Artikelfoto-244x300.png\" alt=\"\" width=\"600\" height=\"738\" srcset=\"https:\/\/www.schophoff.de\/wp-content\/uploads\/2023\/03\/Aus-der-Tiefe-FAS-Artikelfoto-244x300.png 244w, https:\/\/www.schophoff.de\/wp-content\/uploads\/2023\/03\/Aus-der-Tiefe-FAS-Artikelfoto-832x1024.png 832w, https:\/\/www.schophoff.de\/wp-content\/uploads\/2023\/03\/Aus-der-Tiefe-FAS-Artikelfoto-768x945.png 768w, https:\/\/www.schophoff.de\/wp-content\/uploads\/2023\/03\/Aus-der-Tiefe-FAS-Artikelfoto-1248x1536.png 1248w, https:\/\/www.schophoff.de\/wp-content\/uploads\/2023\/03\/Aus-der-Tiefe-FAS-Artikelfoto.png 1658w\" sizes=\"(max-width: 600px) 100vw, 600px\" \/><\/a><\/h3>\n<h3><a href=\"https:\/\/www.schophoff.de\/wp-content\/uploads\/2023\/03\/Aus-der-Tiefe_FAS.pdf\">Aus der Tiefe<\/a><\/h3>\n<div class=\"page\" title=\"Page 1\">\n<div class=\"layoutArea\">\n<div class=\"column\">\n<p>Am Po-Delta in Italien wollen Vater und Sohn einen Fisch fangen, der ihnen noch nie\u00a0an den Haken ging: den Zander.<\/p>\n<p><span style=\"color: #ffffff;\">Frankfurter Allgemeine Sonntagszeitung, M\u00e4rz 2023<\/span><\/p>\n<p><span style=\"color: #333333;\">___________________________________________________________________________<\/span><\/p>\n<\/div>\n<\/div>\n<\/div>\n<h3><a href=\"https:\/\/www.schophoff.de\/wp-content\/uploads\/2022\/11\/Extrem-entspannt_FAS.pdf\"><img loading=\"lazy\" decoding=\"async\" class=\"alignright  wp-image-1011\" src=\"https:\/\/www.schophoff.de\/wp-content\/uploads\/2022\/11\/Extrem-entspannt-Artikelfoto-296x300.png\" alt=\"\" width=\"600\" height=\"608\" srcset=\"https:\/\/www.schophoff.de\/wp-content\/uploads\/2022\/11\/Extrem-entspannt-Artikelfoto-296x300.png 296w, https:\/\/www.schophoff.de\/wp-content\/uploads\/2022\/11\/Extrem-entspannt-Artikelfoto-1011x1024.png 1011w, https:\/\/www.schophoff.de\/wp-content\/uploads\/2022\/11\/Extrem-entspannt-Artikelfoto-768x778.png 768w, https:\/\/www.schophoff.de\/wp-content\/uploads\/2022\/11\/Extrem-entspannt-Artikelfoto-1516x1536.png 1516w, https:\/\/www.schophoff.de\/wp-content\/uploads\/2022\/11\/Extrem-entspannt-Artikelfoto.png 1992w\" sizes=\"(max-width: 600px) 100vw, 600px\" \/><\/a><\/h3>\n<h3><a href=\"https:\/\/www.schophoff.de\/wp-content\/uploads\/2022\/11\/Extrem-entspannt_FAS.pdf\">Extrem entspannt<\/a><\/h3>\n<div class=\"page\" title=\"Page 1\">\n<div class=\"layoutArea\">\n<div class=\"column\">\n<p>Barfu\u00df auf Vulkane steigen und ohne Sauerstoff in die Tiefe tauchen \u2013 auf der Kanareninsel El Hierro lernt man, sich unter widrigen Bedingungen zu erholen<\/p>\n<p><span style=\"color: #ffffff;\">Frankfurter Allgemeine Sonntagszeitung, November 2022<\/span><\/p>\n<p><span style=\"color: #333333;\">___________________________________________________________________________<\/span><\/p>\n<h3><a href=\"https:\/\/www.schophoff.de\/wp-content\/uploads\/2022\/06\/Meer-davon-FAS.pdf\"><img loading=\"lazy\" decoding=\"async\" class=\"alignright  wp-image-1008\" src=\"https:\/\/www.schophoff.de\/wp-content\/uploads\/2022\/06\/Meer-davon-Artikelbild-296x300.png\" alt=\"\" width=\"600\" height=\"608\" srcset=\"https:\/\/www.schophoff.de\/wp-content\/uploads\/2022\/06\/Meer-davon-Artikelbild-296x300.png 296w, https:\/\/www.schophoff.de\/wp-content\/uploads\/2022\/06\/Meer-davon-Artikelbild-768x780.png 768w, https:\/\/www.schophoff.de\/wp-content\/uploads\/2022\/06\/Meer-davon-Artikelbild.png 788w\" sizes=\"(max-width: 600px) 100vw, 600px\" \/><\/a><\/h3>\n<\/div>\n<\/div>\n<\/div>\n<h3><a href=\"https:\/\/www.schophoff.de\/wp-content\/uploads\/2022\/06\/Meer-davon-FAS.pdf\">Meer davon<\/a><\/h3>\n<div class=\"page\" title=\"Page 1\">\n<div class=\"layoutArea\">\n<div class=\"column\">\n<p>An der toskanischen K\u00fcste, zwischen Raubfischen und brechenden Wellen, stellt sich nur eine Frage: Wie halten wir es aus, den Rest des Jahres nicht am Meer zu sein?<\/p>\n<p><span style=\"color: #ffffff;\">Frankfurter Allgemeine Sonntagszeitung, Mai 2022<\/span><\/p>\n<p><span style=\"color: #333333;\">___________________________________________________________________________<\/span><\/p>\n<\/div>\n<\/div>\n<\/div>\n<h3><\/h3>\n<div class=\"page\" title=\"Page 1\">\n<div class=\"layoutArea\">\n<div class=\"column\"><\/div>\n<\/div>\n<\/div>\n<p><a href=\"https:\/\/www.schophoff.de\/wp-content\/uploads\/2023\/04\/Sie-kommen_SCIENCE-NOTES-mit-Titel.pdf\"><img loading=\"lazy\" decoding=\"async\" class=\"alignnone  wp-image-1002\" src=\"https:\/\/www.schophoff.de\/wp-content\/uploads\/2022\/04\/Sie-kommen_SN_Artikelbild-300x219.png\" alt=\"\" width=\"600\" height=\"439\" srcset=\"https:\/\/www.schophoff.de\/wp-content\/uploads\/2022\/04\/Sie-kommen_SN_Artikelbild-300x219.png 300w, https:\/\/www.schophoff.de\/wp-content\/uploads\/2022\/04\/Sie-kommen_SN_Artikelbild-768x560.png 768w, https:\/\/www.schophoff.de\/wp-content\/uploads\/2022\/04\/Sie-kommen_SN_Artikelbild.png 1024w\" sizes=\"(max-width: 600px) 100vw, 600px\" \/><\/a><\/p>\n<h3><a href=\"https:\/\/www.schophoff.de\/wp-content\/uploads\/2023\/04\/Sie-kommen_SCIENCE-NOTES-mit-Titel.pdf\">Sie kommen<\/a><\/h3>\n<p><span style=\"color: #999999;\"><span style=\"font-size: revert;\">Die Frage ist nicht,\u00a0<\/span><span style=\"font-size: revert;\">ob es Au\u00dferirdische gibt. Sondern nur,\u00a0<\/span><span style=\"font-size: revert;\">wann und wie wir ihnen begegnen, sagt der Exosoziologe Michael Schetsche.\u00a0<\/span><span style=\"font-size: revert;\">Um vorbereitet zu sein,\u00a0<\/span><span style=\"font-size: revert;\">hat er drei m\u00f6gliche Kontaktszenarien entwIckelt \u2013\u00a0<\/span><span style=\"font-size: revert;\">mit teils dramatischen Folgen.<\/span><\/span><\/p>\n<p><span style=\"color: #ffffff;\">Scienes Notes, April 2022<\/span><\/p>\n<p><span style=\"color: #333333;\">___________________________________________________________________________<\/span><\/p>\n<div><\/div>\n<div><a href=\"https:\/\/www.schophoff.de\/wp-content\/uploads\/2021\/06\/Was-fuer-Voegel_FAS.pdf\"><img loading=\"lazy\" decoding=\"async\" class=\"alignnone  wp-image-991\" src=\"https:\/\/www.schophoff.de\/wp-content\/uploads\/2021\/06\/Was-fuer-Voegel-Artikelbild-300x214.jpg\" alt=\"\" width=\"601\" height=\"428\" srcset=\"https:\/\/www.schophoff.de\/wp-content\/uploads\/2021\/06\/Was-fuer-Voegel-Artikelbild-300x214.jpg 300w, https:\/\/www.schophoff.de\/wp-content\/uploads\/2021\/06\/Was-fuer-Voegel-Artikelbild-1024x731.jpg 1024w, https:\/\/www.schophoff.de\/wp-content\/uploads\/2021\/06\/Was-fuer-Voegel-Artikelbild-768x548.jpg 768w, https:\/\/www.schophoff.de\/wp-content\/uploads\/2021\/06\/Was-fuer-Voegel-Artikelbild.jpg 1412w\" sizes=\"(max-width: 601px) 100vw, 601px\" \/><\/a><\/div>\n<div class=\"page\" title=\"Page 1\">\n<div class=\"section\">\n<div class=\"layoutArea\">\n<h3 class=\"column\"><a href=\"https:\/\/www.schophoff.de\/wp-content\/uploads\/2021\/06\/Was-fuer-Voegel_FAS.pdf\">Was fuer Voegel!<\/a><\/h3>\n<div>\n<div class=\"page\" title=\"Page 1\">\n<div class=\"section\">\n<div class=\"layoutArea\">\n<div class=\"column\">\n<p>Im Lockdown entdeckt unser Autor die Vogelwelt vor seiner T\u00fcr, an einem wilden Donauarm in Regensburg \u2013 und kommt den Kr\u00e4hen, Reihern und St\u00f6rchen dabei so nahe, dass er sich nun vor dem Ende der Ruhe f\u00fcrchtet.<\/p>\n<p><span style=\"color: #ffffff;\">Frankfurter Allgemeine Sonntagszeitung, Juni 2021<\/span><\/p>\n<p><span style=\"color: #333333;\">___________________________________________________________________________<\/span><\/p>\n<\/div>\n<\/div>\n<\/div>\n<\/div>\n<\/div>\n<\/div>\n<\/div>\n<\/div>\n<h3><a href=\"https:\/\/www.schophoff.de\/wp-content\/uploads\/2020\/09\/Diese-Leere-STERN.pdf\"><img loading=\"lazy\" decoding=\"async\" class=\"alignnone  wp-image-981\" src=\"https:\/\/www.schophoff.de\/wp-content\/uploads\/2020\/09\/Diese-Leere-Foto-300x196.jpg\" alt=\"\" width=\"599\" height=\"392\" srcset=\"https:\/\/www.schophoff.de\/wp-content\/uploads\/2020\/09\/Diese-Leere-Foto-300x196.jpg 300w, https:\/\/www.schophoff.de\/wp-content\/uploads\/2020\/09\/Diese-Leere-Foto-768x503.jpg 768w, https:\/\/www.schophoff.de\/wp-content\/uploads\/2020\/09\/Diese-Leere-Foto-1024x671.jpg 1024w\" sizes=\"(max-width: 599px) 100vw, 599px\" \/><\/a><\/h3>\n<h3><a href=\"https:\/\/www.schophoff.de\/wp-content\/uploads\/2020\/09\/Diese-Leere-STERN.pdf\">Diese Leere!<\/a><\/h3>\n<p>Schon mal von der Altmark geh\u00f6rt? Die Region mitten in Deutschland blieb lange kaum beachtet. Dabei ist sie wie geschaffen f\u00fcr einen Ausstieg auf Zeit<\/p>\n<p><span style=\"color: #ffffff;\">stern, September 2020<\/span><\/p>\n<p><span style=\"color: #333333;\">___________________________________________________________________________<\/span><\/p>\n<h3><a href=\"https:\/\/www.schophoff.de\/wp-content\/uploads\/2020\/07\/Wackeln-Sie-mal-mit-dem-Mittelzeh_DIE-ZEIT.pdf\"><img loading=\"lazy\" decoding=\"async\" class=\"alignright  wp-image-971\" src=\"https:\/\/www.schophoff.de\/wp-content\/uploads\/2020\/07\/Barfu\u00df_DIE-ZEIT-209x300.jpg\" alt=\"\" width=\"601\" height=\"863\" srcset=\"https:\/\/www.schophoff.de\/wp-content\/uploads\/2020\/07\/Barfu\u00df_DIE-ZEIT-209x300.jpg 209w, https:\/\/www.schophoff.de\/wp-content\/uploads\/2020\/07\/Barfu\u00df_DIE-ZEIT-768x1102.jpg 768w, https:\/\/www.schophoff.de\/wp-content\/uploads\/2020\/07\/Barfu\u00df_DIE-ZEIT-713x1024.jpg 713w, https:\/\/www.schophoff.de\/wp-content\/uploads\/2020\/07\/Barfu\u00df_DIE-ZEIT.jpg 1406w\" sizes=\"(max-width: 601px) 100vw, 601px\" \/><\/a><\/h3>\n<div class=\"page\" title=\"Page 1\">\n<div class=\"section\">\n<div class=\"layoutArea\">\n<div class=\"column\"><\/div>\n<\/div>\n<\/div>\n<\/div>\n<h3><a href=\"https:\/\/www.schophoff.de\/wp-content\/uploads\/2020\/07\/Wackeln-Sie-mal-mit-dem-Mittelzeh_DIE-ZEIT.pdf\">Wackeln Sie mal mit dem Mittelzeh<\/a><\/h3>\n<div class=\"page\" title=\"Page 1\">\n<div class=\"section\">\n<div class=\"layoutArea\">\n<div class=\"column\">\n<div class=\"page\" title=\"Page 1\">\n<div class=\"section\">\n<div class=\"layoutArea\">\n<div class=\"column\">\n<p>Wer barfu\u00df l\u00e4uft, dem haben seine Fu\u00dfsohlen eine Menge zu erz\u00e4hlen.<br \/>\nW\u00fcrdigung eines \u00fcbersehenen K\u00f6rperteils<\/p>\n<\/div>\n<\/div>\n<\/div>\n<\/div>\n<p><span style=\"color: #ffffff;\">DIE ZEIT, Juli 2020<\/span><\/p>\n<p><span style=\"color: #333333;\">___________________________________________________________________________<\/span><\/p>\n<\/div>\n<\/div>\n<\/div>\n<\/div>\n<h3><a href=\"https:\/\/www.schophoff.de\/wp-content\/uploads\/2019\/11\/Altmark_GEO_Saison.pdf\"><img loading=\"lazy\" decoding=\"async\" class=\"alignright  wp-image-951\" src=\"https:\/\/www.schophoff.de\/wp-content\/uploads\/2019\/11\/Altmark-Foto-e1572860955503.jpg\" alt=\"\" width=\"601\" height=\"381\" \/><\/a><\/h3>\n<h3><a href=\"https:\/\/www.schophoff.de\/wp-content\/uploads\/2019\/11\/Altmark_GEO_Saison.pdf\">Land in Sicht<\/a><\/h3>\n<div class=\"page\" title=\"Page 1\">\n<div class=\"layoutArea\">\n<div class=\"column\">\n<p>Schon mal von der Altmark geh\u00f6rt? Dieser Region im Norden Sachsen-Anhalts, wo Elbe und Havel flie\u00dfen und alte Hansest\u00e4dte\u00a0liegen? Die Zeit, in der sich dieser Landstrich mitten in Deutschland verstecken konnte, ist jetzt allerdings vorbei<\/p>\n<p><span style=\"color: #ffffff;\">GEO SAISON, Oktober 2019<\/span><\/p>\n<p><span style=\"color: #333333;\">___________________________________________________________________________<\/span><\/p>\n<\/div>\n<\/div>\n<\/div>\n<h3><a href=\"https:\/\/www.schophoff.de\/wp-content\/uploads\/2019\/09\/Ja-der-kann-schwimmen_DIE-ZEIT.pdf\"><img loading=\"lazy\" decoding=\"async\" class=\"alignright  wp-image-949\" src=\"https:\/\/www.schophoff.de\/wp-content\/uploads\/2019\/09\/Ja-der-kann-schwimmen_Artikelfoto-300x249.jpg\" alt=\"\" width=\"600\" height=\"498\" srcset=\"https:\/\/www.schophoff.de\/wp-content\/uploads\/2019\/09\/Ja-der-kann-schwimmen_Artikelfoto-300x249.jpg 300w, https:\/\/www.schophoff.de\/wp-content\/uploads\/2019\/09\/Ja-der-kann-schwimmen_Artikelfoto-768x637.jpg 768w, https:\/\/www.schophoff.de\/wp-content\/uploads\/2019\/09\/Ja-der-kann-schwimmen_Artikelfoto-1024x850.jpg 1024w, https:\/\/www.schophoff.de\/wp-content\/uploads\/2019\/09\/Ja-der-kann-schwimmen_Artikelfoto.jpg 1210w\" sizes=\"(max-width: 600px) 100vw, 600px\" \/><\/a><\/h3>\n<h3><a href=\"https:\/\/www.schophoff.de\/wp-content\/uploads\/2019\/09\/Ja-der-kann-schwimmen_DIE-ZEIT.pdf\">Ja, der kann schwimmen!<\/a><\/h3>\n<div class=\"page\" title=\"Page 1\">\n<div class=\"section\">\n<div class=\"layoutArea\">\n<div class=\"column\">\n<p>Durch die schwedische Provinz und vorbei an vielen fragenden Gesichtern:<br \/>\nUnser Autor sticht mit dem Wohnwagen in See<\/p>\n<p><span style=\"color: #ffffff; font-size: inherit;\">DIE ZEIT, September 2019<\/span><\/p>\n<\/div>\n<\/div>\n<div><span style=\"color: #333333;\">___________________________________________________________________________<\/span><\/div>\n<\/div>\n<\/div>\n<h3><a href=\"https:\/\/www.schophoff.de\/wp-content\/uploads\/2019\/08\/Ansage-Camping_ZEIT.pdf\"><img loading=\"lazy\" decoding=\"async\" class=\"alignright  wp-image-945\" src=\"https:\/\/www.schophoff.de\/wp-content\/uploads\/2019\/08\/Ansage-Camping_Foto-212x300.jpg\" alt=\"\" width=\"600\" height=\"849\" srcset=\"https:\/\/www.schophoff.de\/wp-content\/uploads\/2019\/08\/Ansage-Camping_Foto-212x300.jpg 212w, https:\/\/www.schophoff.de\/wp-content\/uploads\/2019\/08\/Ansage-Camping_Foto-768x1086.jpg 768w, https:\/\/www.schophoff.de\/wp-content\/uploads\/2019\/08\/Ansage-Camping_Foto-724x1024.jpg 724w, https:\/\/www.schophoff.de\/wp-content\/uploads\/2019\/08\/Ansage-Camping_Foto.jpg 1314w\" sizes=\"(max-width: 600px) 100vw, 600px\" \/><\/a><\/h3>\n<h3><a href=\"https:\/\/www.schophoff.de\/wp-content\/uploads\/2019\/08\/Ansage-Camping_ZEIT.pdf\">Familie Schimdt aus der Sicht eines wilden Baeren<\/a><\/h3>\n<p>&#8222;Camping ist Teambuilding&#8220;, hat seine Frau gesagt. Doch bei einem Urlaub zwischen Erdn\u00e4geln, Klappst\u00fchlen und M\u00f6chtegern-Abenteurern findet unser Autor seinen Verdacht best\u00e4tigt: Zelten ist das Allerletzte<\/p>\n<p><span style=\"color: #ffffff;\">DIE ZEIT, Juli 2019<\/span><\/p>\n<p><span style=\"color: #333333;\">___________________________________________________________________________<br \/>\n<\/span><\/p>\n<h3><a href=\"https:\/\/www.schophoff.de\/wp-content\/uploads\/2019\/04\/Das-Gold-von-der-Wiese_ADAC-Reisemagazin.pdf\"><img loading=\"lazy\" decoding=\"async\" class=\"alignright  wp-image-936\" src=\"https:\/\/www.schophoff.de\/wp-content\/uploads\/2019\/04\/Das-Gold-von-der-Wiese-Artikelfoto-2-300x193.jpg\" alt=\"\" width=\"600\" height=\"386\" srcset=\"https:\/\/www.schophoff.de\/wp-content\/uploads\/2019\/04\/Das-Gold-von-der-Wiese-Artikelfoto-2-300x193.jpg 300w, https:\/\/www.schophoff.de\/wp-content\/uploads\/2019\/04\/Das-Gold-von-der-Wiese-Artikelfoto-2-768x495.jpg 768w, https:\/\/www.schophoff.de\/wp-content\/uploads\/2019\/04\/Das-Gold-von-der-Wiese-Artikelfoto-2.jpg 1024w\" sizes=\"(max-width: 600px) 100vw, 600px\" \/><\/a><\/h3>\n<h3><a href=\"https:\/\/www.schophoff.de\/wp-content\/uploads\/2019\/04\/Das-Gold-von-der-Wiese_ADAC-Reisemagazin.pdf\">Das Gold von der Wiese<\/a><\/h3>\n<p>Die meisten sehen blo\u00df getrocknete Grashalme. Aber im Allg\u00e4u ist Heu ein Rohstoff f\u00fcr das Leben: Es wird darin gebadet, es wird damit gekocht, gebacken, geheilt und davon gel<br \/>\nebt. Landwirte wie Klaus Hauber ernten im Fr\u00fchsommer\u00a0ein duftendes, kostbares Gut<\/p>\n<p><span style=\"color: #ffffff;\"><em>ADAC Reisemagazin<\/em>, April 2019<\/span><\/p>\n<p><span style=\"color: #333333;\">___________________________________________________________________________<\/span><\/p>\n<p><a href=\"https:\/\/www.schophoff.de\/wp-content\/uploads\/2019\/03\/Interview-Anselm_DIE-ZEIT.pdf\"><img loading=\"lazy\" decoding=\"async\" class=\"alignright  wp-image-929\" src=\"https:\/\/www.schophoff.de\/wp-content\/uploads\/2019\/03\/Bildschirmfoto-2019-03-25-um-09.40.24-300x213.png\" alt=\"\" width=\"600\" height=\"426\" srcset=\"https:\/\/www.schophoff.de\/wp-content\/uploads\/2019\/03\/Bildschirmfoto-2019-03-25-um-09.40.24-300x213.png 300w, https:\/\/www.schophoff.de\/wp-content\/uploads\/2019\/03\/Bildschirmfoto-2019-03-25-um-09.40.24-768x546.png 768w, https:\/\/www.schophoff.de\/wp-content\/uploads\/2019\/03\/Bildschirmfoto-2019-03-25-um-09.40.24.png 1024w\" sizes=\"(max-width: 600px) 100vw, 600px\" \/><\/a><\/p>\n<h3><a href=\"https:\/\/www.schophoff.de\/wp-content\/uploads\/2019\/03\/Interview-Anselm_DIE-ZEIT.pdf\">&#8222;&#8220;Zu Hause bringt dir so eine Reise erstmal nichts&#8220;<\/a><\/h3>\n<div class=\"page\" title=\"Page 1\">\n<div class=\"section\">\n<div class=\"layoutArea\">\n<div class=\"column\">\n<p><span style=\"color: #ffffff;\">Interview<\/span> Anselm Pahnke fuhr drei Jahre lang um die Welt,\u00a0mit seinem Fahrrad legte er Tausende Kilometer zur\u00fcck. Doch zum gr\u00f6\u00dften Abenteuer wurde seine R\u00fcckkehr<\/p>\n<p><span style=\"color: #ffffff;\"><em>DIE ZEIT<\/em>, M\u00e4rz 2019<\/span><\/p>\n<p><span style=\"color: #333333;\">___________________________________________________________________________<\/span><\/p>\n<\/div>\n<\/div>\n<\/div>\n<\/div>\n<h3><a href=\"https:\/\/www.schophoff.de\/wp-content\/uploads\/2019\/01\/Du-atmest-ein-du-atmest-aus_Foto.png\"><img loading=\"lazy\" decoding=\"async\" class=\"alignright  wp-image-924\" src=\"https:\/\/www.schophoff.de\/wp-content\/uploads\/2019\/01\/Du-atmest-ein-du-atmest-aus_Foto-207x300.png\" alt=\"\" width=\"600\" height=\"870\" srcset=\"https:\/\/www.schophoff.de\/wp-content\/uploads\/2019\/01\/Du-atmest-ein-du-atmest-aus_Foto-207x300.png 207w, https:\/\/www.schophoff.de\/wp-content\/uploads\/2019\/01\/Du-atmest-ein-du-atmest-aus_Foto.png 531w\" sizes=\"(max-width: 600px) 100vw, 600px\" \/><\/a><\/h3>\n<h3><a href=\"https:\/\/www.schophoff.de\/wp-content\/uploads\/2019\/01\/Du-atmest-ein-du-atmest-aus_DIE-ZEIT.pdf\">Du atmest ein, du atmest aus<\/a><\/h3>\n<p>Das Paradies? Hat man auf der Halbinsel Nicoya in Costa Rica f\u00fcr sich allein \u2013 fast<\/p>\n<p><span style=\"color: #ffffff;\"><em>DIE ZEIT,<\/em> Dezember 2018<\/span><\/p>\n<p><span style=\"color: #333333;\">___________________________________________________________________________<\/span><\/p>\n<p><a href=\"https:\/\/www.schophoff.de\/wp-content\/uploads\/2019\/11\/Nelson-und-die-Geisterb\u00e4ren_SPICK.pdf\"><img loading=\"lazy\" decoding=\"async\" class=\"alignright  wp-image-961\" src=\"https:\/\/www.schophoff.de\/wp-content\/uploads\/2019\/11\/Nelson-und-die-Geisterb\u00e4ren-Artikelfoto-210x300.jpg\" alt=\"\" width=\"600\" height=\"857\" srcset=\"https:\/\/www.schophoff.de\/wp-content\/uploads\/2019\/11\/Nelson-und-die-Geisterb\u00e4ren-Artikelfoto-210x300.jpg 210w, https:\/\/www.schophoff.de\/wp-content\/uploads\/2019\/11\/Nelson-und-die-Geisterb\u00e4ren-Artikelfoto-768x1096.jpg 768w, https:\/\/www.schophoff.de\/wp-content\/uploads\/2019\/11\/Nelson-und-die-Geisterb\u00e4ren-Artikelfoto-718x1024.jpg 718w, https:\/\/www.schophoff.de\/wp-content\/uploads\/2019\/11\/Nelson-und-die-Geisterb\u00e4ren-Artikelfoto.jpg 1434w\" sizes=\"(max-width: 600px) 100vw, 600px\" \/><\/a><\/p>\n<h3><a href=\"https:\/\/www.schophoff.de\/wp-content\/uploads\/2019\/11\/Nelson-und-die-Geisterb\u00e4ren_SPICK.pdf\"><span style=\"font-size: inherit;\">Nelson und die Geisterbaeren<\/span><\/a><\/h3>\n<div class=\"page\" title=\"Page 2\">\n<div class=\"section\">\n<div class=\"layoutArea\">\n<div class=\"column\">\n<p>In einem Urwald an Kanadas Westk\u00fcste leben r\u00e4tselhafte B\u00e4ren. F\u00fcr den zw\u00f6lfj\u00e4hrigen Nelson Robinson sind die \u00abGeisterb\u00e4ren\u00bb so etwas wie Familienmitglieder. Dank ihnen konnten er und sein Stamm eine grosse Gefahr abwenden.<\/p>\n<p><span style=\"color: #ffffff;\">SPICK, September 2018<\/span><\/p>\n<\/div>\n<\/div>\n<\/div>\n<\/div>\n<p><span style=\"color: #333333;\">___________________________________________________________________________<\/span><\/p>\n<p><a href=\"https:\/\/www.schophoff.de\/wp-content\/uploads\/2019\/11\/B\u00e4ume-B\u00e4ren-Buckewale_DIE-WELT.pdf\"><img loading=\"lazy\" decoding=\"async\" class=\"alignright  wp-image-960\" src=\"https:\/\/www.schophoff.de\/wp-content\/uploads\/2019\/11\/B\u00e4ume-B\u00e4ren-Buckelwale-Artikelfoto-300x272.jpg\" alt=\"\" width=\"600\" height=\"544\" srcset=\"https:\/\/www.schophoff.de\/wp-content\/uploads\/2019\/11\/B\u00e4ume-B\u00e4ren-Buckelwale-Artikelfoto-300x272.jpg 300w, https:\/\/www.schophoff.de\/wp-content\/uploads\/2019\/11\/B\u00e4ume-B\u00e4ren-Buckelwale-Artikelfoto-768x698.jpg 768w, https:\/\/www.schophoff.de\/wp-content\/uploads\/2019\/11\/B\u00e4ume-B\u00e4ren-Buckelwale-Artikelfoto-1024x930.jpg 1024w, https:\/\/www.schophoff.de\/wp-content\/uploads\/2019\/11\/B\u00e4ume-B\u00e4ren-Buckelwale-Artikelfoto.jpg 1134w\" sizes=\"(max-width: 600px) 100vw, 600px\" \/><\/a><\/p>\n<h3><a href=\"https:\/\/www.schophoff.de\/wp-content\/uploads\/2019\/11\/B\u00e4ume-B\u00e4ren-Buckewale_DIE-WELT.pdf\">Baeume, Baeren, Buckelwale<\/a><\/h3>\n<p>Umweltsch\u00fctzer, Ureinwohner und Unternehmer k\u00e4mpfen gemeinsam daf\u00fcr, dass der Great Bear Rainforest an Kanadas Westk\u00fcste bleibt, was er ist: der gr\u00f6\u00dfte intakte Kaltregenwald der Erde.<\/p>\n<p><span style=\"color: #ffffff;\">DIE WELT, April 2018<\/span><\/p>\n<p><span style=\"color: #333333;\">___________________________________________________________________________<\/span><\/p>\n<h3><a href=\"https:\/\/www.schophoff.de\/wp-content\/uploads\/2018\/01\/Lasst-mich-in-Ruhe_DIE-ZEIT.pdf\"><img loading=\"lazy\" decoding=\"async\" class=\"alignright  wp-image-791\" src=\"https:\/\/www.schophoff.de\/wp-content\/uploads\/2011\/06\/ZEIT_2017_52_00063-211x300.jpg\" alt=\"\" width=\"600\" height=\"854\" srcset=\"https:\/\/www.schophoff.de\/wp-content\/uploads\/2011\/06\/ZEIT_2017_52_00063-211x300.jpg 211w, https:\/\/www.schophoff.de\/wp-content\/uploads\/2011\/06\/ZEIT_2017_52_00063-768x1094.jpg 768w, https:\/\/www.schophoff.de\/wp-content\/uploads\/2011\/06\/ZEIT_2017_52_00063-719x1024.jpg 719w\" sizes=\"(max-width: 600px) 100vw, 600px\" \/><\/a><\/h3>\n<h3><a href=\"https:\/\/www.schophoff.de\/wp-content\/uploads\/2018\/01\/Lasst-mich-in-Ruhe_DIE-ZEIT.pdf\">Lasst mich in Ruhe<\/a><\/h3>\n<p>Julius Schophoff hat keine Lust auf Weihnachtsfeiern und auf Verabredungen zum Lunch.<br \/>\nEr liebt die Einsamkeit \u2013 als ewige Quelle f\u00fcr Kraft und Humor<\/p>\n<p><span style=\"color: #ffffff;\"><em>DIE ZEIT,<\/em> Dezember 2017<\/span><\/p>\n<p><span style=\"color: #333333;\">___________________________________________________________________________<\/span><\/p>\n<h3><a href=\"https:\/\/www.schophoff.de\/wp-content\/uploads\/2017\/12\/Der-Geist-der-Wildnis_FREEMENSWORLD.pdf\"><img loading=\"lazy\" decoding=\"async\" class=\"alignright  wp-image-830\" src=\"https:\/\/www.schophoff.de\/wp-content\/uploads\/2018\/01\/Der-Geist-der-Wildnis-FMW-1-300x182.png\" alt=\"\" width=\"600\" height=\"364\" srcset=\"https:\/\/www.schophoff.de\/wp-content\/uploads\/2018\/01\/Der-Geist-der-Wildnis-FMW-1-300x182.png 300w, https:\/\/www.schophoff.de\/wp-content\/uploads\/2018\/01\/Der-Geist-der-Wildnis-FMW-1-768x465.png 768w, https:\/\/www.schophoff.de\/wp-content\/uploads\/2018\/01\/Der-Geist-der-Wildnis-FMW-1-1024x621.png 1024w, https:\/\/www.schophoff.de\/wp-content\/uploads\/2018\/01\/Der-Geist-der-Wildnis-FMW-1.png 1046w\" sizes=\"(max-width: 600px) 100vw, 600px\" \/><\/a><\/h3>\n<h3><a href=\"https:\/\/www.schophoff.de\/wp-content\/uploads\/2017\/12\/Der-Geist-der-Wildnis_FREEMENSWORLD.pdf\">Der Geist der Wildnis<\/a><\/h3>\n<p>An der Westk\u00fcste Kanadas liegt der Great Bear Rainforest, einer der letzten Kaltregenw\u00e4lder der Erde. Auf einer Segelreise durch ein Labyrinth aus Fjorden und Inseln begegnen einem Buckelwale, die mit Netzen fischen, B\u00e4ume, die sich von Lachs ern\u00e4hren, und, vielleicht, der Geisterb\u00e4r<\/p>\n<p><span style=\"color: #ffffff;\">FREE MEN&#8217;s WORLD, Dezember 2017<\/span><\/p>\n<p><span style=\"color: #333333;\">___________________________________________________________________________<\/span><\/p>\n<h3><a href=\"https:\/\/www.schophoff.de\/wp-content\/uploads\/2017\/07\/Fu\u00dfball-Manager_DIE-ZEIT.pdf\">Das gehoert nicht ins Feuilleton<\/a><\/h3>\n<p>Jetzt mal ehrlich: Was wir wirklich lesen, h\u00f6ren, tun.<br \/>\nDiese Woche: Julius Schophoff, Autor von Z<\/p>\n<p><span style=\"color: #ffffff;\"><a href=\"https:\/\/www.schophoff.de\/wp-content\/uploads\/2017\/07\/Fu\u00dfball-Manager_DIE-ZEIT.pdf\">DIE ZEIT<\/a>, Juli 2017<\/span><\/p>\n<p><span style=\"color: #333333;\">___________________________________________________________________________<\/span><\/p>\n<h3><a href=\"https:\/\/www.schophoff.de\/wp-content\/uploads\/2017\/06\/Allewelt-liebt-Regensburg-GEO-SAISON.pdf\"><img loading=\"lazy\" decoding=\"async\" class=\"alignright  wp-image-795\" src=\"https:\/\/www.schophoff.de\/wp-content\/uploads\/2011\/06\/Seiten-aus-Allewelt-liebt-Regensburg-GEO-SAISON-300x190.jpg\" alt=\"\" width=\"601\" height=\"380\" srcset=\"https:\/\/www.schophoff.de\/wp-content\/uploads\/2011\/06\/Seiten-aus-Allewelt-liebt-Regensburg-GEO-SAISON-300x190.jpg 300w, https:\/\/www.schophoff.de\/wp-content\/uploads\/2011\/06\/Seiten-aus-Allewelt-liebt-Regensburg-GEO-SAISON-768x487.jpg 768w, https:\/\/www.schophoff.de\/wp-content\/uploads\/2011\/06\/Seiten-aus-Allewelt-liebt-Regensburg-GEO-SAISON-1024x649.jpg 1024w\" sizes=\"(max-width: 601px) 100vw, 601px\" \/><\/a><\/h3>\n<h3><a href=\"https:\/\/www.schophoff.de\/wp-content\/uploads\/2017\/06\/Allewelt-liebt-Regensburg-GEO-SAISON.pdf\">Allewelt liebt Regensburg<\/a><\/h3>\n<p>Mit vier Armen umschlingt die Donau die besterhaltene mittelalterliche Gro\u00dfstadt Deutschlands. Besucher aus fernen Landen zieht es zum Welterbe, nur im eigenen Land steht die bayerische Sch\u00f6nheit noch nicht im Rampenlicht<\/p>\n<p><span style=\"color: #ffffff;\">GEO SAISON, Juni 2017<\/span><\/p>\n<p><span style=\"color: #333333;\">___________________________________________________________________________<\/span><\/p>\n<h3><a href=\"https:\/\/www.schophoff.de\/wp-content\/uploads\/2017\/06\/Endlich-in-die-Bronx_DIE-ZEIT.pdf\"><img loading=\"lazy\" decoding=\"async\" class=\"alignright  wp-image-835\" src=\"https:\/\/www.schophoff.de\/wp-content\/uploads\/2018\/01\/Endlich-in-die-Bronx_DIE-ZEIT-211x300.jpg\" alt=\"\" width=\"600\" height=\"853\" \/><\/a><\/h3>\n<h3><a href=\"https:\/\/www.schophoff.de\/wp-content\/uploads\/2017\/06\/Endlich-in-die-Bronx_DIE-ZEIT.pdf\">Endlich in die Bronx!<\/a><\/h3>\n<p>Als Jugendlicher liebte unser Autor den harten Rap aus der South Bronx \u2013 h\u00e4tte sich aber nie dorthin getraut. Jetzt soll New Yorks gef\u00e4hrlichstes Pflaster hip werden. Zeit f\u00fcr ein Kennenlernen<\/p>\n<p><span style=\"color: #ffffff;\">DIE ZEIT, Juni 2017\u00a0<\/span><\/p>\n<p><span style=\"color: #ffffff;\"><span style=\"color: #333333;\">___________________________________________________________________________<\/span><\/span><\/p>\n<p><a href=\"https:\/\/www.schophoff.de\/wp-content\/uploads\/2017\/04\/Wird-schon_DIE-ZEIT.pdf\"><img loading=\"lazy\" decoding=\"async\" class=\"alignright  wp-image-859\" src=\"https:\/\/www.schophoff.de\/wp-content\/uploads\/2018\/01\/Wird-schon_DIE-ZEIT-227x300.jpg\" alt=\"\" width=\"600\" height=\"793\" srcset=\"https:\/\/www.schophoff.de\/wp-content\/uploads\/2018\/01\/Wird-schon_DIE-ZEIT-227x300.jpg 227w, https:\/\/www.schophoff.de\/wp-content\/uploads\/2018\/01\/Wird-schon_DIE-ZEIT-776x1024.jpg 776w\" sizes=\"(max-width: 600px) 100vw, 600px\" \/><\/a><\/p>\n<h3><a href=\"https:\/\/www.schophoff.de\/wp-content\/uploads\/2017\/04\/Wird-schon_DIE-ZEIT.pdf\">Wird schon!<\/a><\/h3>\n<p>Keine Altersvorsorge, keine Lebensversicherung, nix gespart.<br \/>\nNaiv? Nein, befreiend<\/p>\n<p><span style=\"color: #ffffff;\">DIE ZEIT, April 2017<br \/>\n<\/span><\/p>\n<p><span style=\"color: #333333;\">___________________________________________________________________________<\/span><\/p>\n<p><a href=\"https:\/\/www.schophoff.de\/wp-content\/uploads\/2018\/01\/Bayerischer-wirds-nicht-GEO-SAISON.png\"><img loading=\"lazy\" decoding=\"async\" class=\"alignright  wp-image-824\" src=\"https:\/\/www.schophoff.de\/wp-content\/uploads\/2018\/01\/Bayerischer-wirds-nicht-GEO-SAISON-300x190.png\" alt=\"\" width=\"601\" height=\"380\" srcset=\"https:\/\/www.schophoff.de\/wp-content\/uploads\/2018\/01\/Bayerischer-wirds-nicht-GEO-SAISON-300x190.png 300w, https:\/\/www.schophoff.de\/wp-content\/uploads\/2018\/01\/Bayerischer-wirds-nicht-GEO-SAISON-768x486.png 768w, https:\/\/www.schophoff.de\/wp-content\/uploads\/2018\/01\/Bayerischer-wirds-nicht-GEO-SAISON-1024x648.png 1024w, https:\/\/www.schophoff.de\/wp-content\/uploads\/2018\/01\/Bayerischer-wirds-nicht-GEO-SAISON.png 1076w\" sizes=\"(max-width: 601px) 100vw, 601px\" \/><\/a><\/p>\n<h3><a href=\"https:\/\/www.schophoff.de\/wp-content\/uploads\/2016\/07\/GEO-Bayerischer-wirds-nicht.pdf\">Bayerischer wird&#8217;s nicht<\/a><\/h3>\n<p>Zwischen Chiemgau und Berchtesgaden wirkt Bayern so verd\u00e4chtig Idyllisch, dass man sich fragt: Ist das wirklich alles echt? Und: L\u00e4sst sich in der Fototapete Urlaub machen? Wir haben uns mal umgesehen&#8230;<\/p>\n<p><span style=\"color: #ffffff;\">GEO SAISON, August 2016<\/span><\/p>\n<p><span style=\"color: #333333;\">___________________________________________________________________________<\/span><\/p>\n<p><a href=\"https:\/\/www.schophoff.de\/wp-content\/uploads\/2018\/01\/Its-fantastic_DIE-ZEIT.pdf\"><img loading=\"lazy\" decoding=\"async\" class=\"alignright  wp-image-876\" src=\"https:\/\/www.schophoff.de\/wp-content\/uploads\/2018\/01\/Its-fantastic_DIE-ZEIT-212x300.jpg\" alt=\"\" width=\"600\" height=\"849\" srcset=\"https:\/\/www.schophoff.de\/wp-content\/uploads\/2018\/01\/Its-fantastic_DIE-ZEIT-212x300.jpg 212w, https:\/\/www.schophoff.de\/wp-content\/uploads\/2018\/01\/Its-fantastic_DIE-ZEIT-768x1087.jpg 768w, https:\/\/www.schophoff.de\/wp-content\/uploads\/2018\/01\/Its-fantastic_DIE-ZEIT-724x1024.jpg 724w\" sizes=\"(max-width: 600px) 100vw, 600px\" \/><\/a><\/p>\n<h3><a href=\"https:\/\/www.schophoff.de\/wp-content\/uploads\/2018\/01\/Its-fantastic_DIE-ZEIT.pdf\">\u00a0<\/a><\/h3>\n<h3><a href=\"https:\/\/www.schophoff.de\/wp-content\/uploads\/2018\/01\/Its-fantastic_DIE-ZEIT.pdf\">&#8222;&#8220;It\u2019s fantastic!&#8220;<\/a><\/h3>\n<p>Wie erleben amerikanische Touristen unser Land bei einer Flusskreuzfahrt? Und wie geht es auf ihren Schiffen zu? Julius Schophoff ging an Bord einer Donau-Cruise \u2013 als einziger Deutscher von 133 Passagieren<\/p>\n<p><span style=\"color: #ffffff;\">DIE ZEIT, August 2016<\/span><\/p>\n<p><span style=\"color: #333333;\">___________________________________________________________________________<\/span><\/p>\n<p><a href=\"https:\/\/www.schophoff.de\/wp-content\/uploads\/2016\/07\/FMW_Island.pdf\"><img loading=\"lazy\" decoding=\"async\" class=\"alignright  wp-image-846\" src=\"https:\/\/www.schophoff.de\/wp-content\/uploads\/2018\/01\/Jungsspielplatz-FMW-300x193.jpg\" alt=\"\" width=\"600\" height=\"386\" srcset=\"https:\/\/www.schophoff.de\/wp-content\/uploads\/2018\/01\/Jungsspielplatz-FMW-300x193.jpg 300w, https:\/\/www.schophoff.de\/wp-content\/uploads\/2018\/01\/Jungsspielplatz-FMW-768x493.jpg 768w, https:\/\/www.schophoff.de\/wp-content\/uploads\/2018\/01\/Jungsspielplatz-FMW-1024x657.jpg 1024w\" sizes=\"(max-width: 600px) 100vw, 600px\" \/><\/a><\/p>\n<h3><a href=\"https:\/\/www.schophoff.de\/wp-content\/uploads\/2016\/07\/FMW_Island.pdf\">Jungsspielplatz<\/a><\/h3>\n<p>Riesige Gletscher, sch\u00e4umende Geysire, atemberaubende Wasserf\u00e4lle \u2013 praktisch, dass es nur dreieinhalb Stunden bis in die Anderswelt von Island sind. Ein Offroadtrip durch den S\u00fcden der Insel<\/p>\n<p><span style=\"color: #333333;\"><span style=\"color: #ffffff;\">FREE MEN&#8217;S WORLD, Juni 2016<\/span><br \/>\n<\/span><\/p>\n<p><span style=\"color: #333333;\">___________________________________________________________________________<\/span><\/p>\n<p><a href=\"https:\/\/www.schophoff.de\/wp-content\/uploads\/2018\/01\/Bezauberndes-Boehmen-DAHEIM.pdf\"><img loading=\"lazy\" decoding=\"async\" class=\"alignright  wp-image-825\" src=\"https:\/\/www.schophoff.de\/wp-content\/uploads\/2018\/01\/Bezauberndes-Boehmen-DAHEIM-300x204.jpg\" alt=\"\" width=\"601\" height=\"409\" srcset=\"https:\/\/www.schophoff.de\/wp-content\/uploads\/2018\/01\/Bezauberndes-Boehmen-DAHEIM-300x204.jpg 300w, https:\/\/www.schophoff.de\/wp-content\/uploads\/2018\/01\/Bezauberndes-Boehmen-DAHEIM-768x522.jpg 768w, https:\/\/www.schophoff.de\/wp-content\/uploads\/2018\/01\/Bezauberndes-Boehmen-DAHEIM-1024x696.jpg 1024w\" sizes=\"(max-width: 601px) 100vw, 601px\" \/><\/a><\/p>\n<h3><a href=\"https:\/\/www.schophoff.de\/wp-content\/uploads\/2018\/01\/Bezauberndes-Boehmen-DAHEIM.pdf\">Bezauberndes Boehmen<\/a><\/h3>\n<p>Wilde W\u00e4lder, verfallene D\u00f6rfer, hei\u00dfe Quellen: unterwegs im tschechischen Westb\u00f6hmen<\/p>\n<p><span style=\"color: #ffffff;\">Daheim in Deutschland, Juni 2016<\/span><\/p>\n<p><span style=\"color: #333333;\">___________________________________________________________________________<\/span><\/p>\n<p><a href=\"https:\/\/www.schophoff.de\/wp-content\/uploads\/2018\/01\/Gelandet-in-Regensburg_DIE-ZEIT.pdf\"><img loading=\"lazy\" decoding=\"async\" class=\"alignright  wp-image-837\" src=\"https:\/\/www.schophoff.de\/wp-content\/uploads\/2018\/01\/Gelandet-in-Regensburg_DIE-ZEIT-1-228x300.jpg\" alt=\"\" width=\"380\" height=\"500\" srcset=\"https:\/\/www.schophoff.de\/wp-content\/uploads\/2018\/01\/Gelandet-in-Regensburg_DIE-ZEIT-1-228x300.jpg 228w, https:\/\/www.schophoff.de\/wp-content\/uploads\/2018\/01\/Gelandet-in-Regensburg_DIE-ZEIT-1-768x1012.jpg 768w, https:\/\/www.schophoff.de\/wp-content\/uploads\/2018\/01\/Gelandet-in-Regensburg_DIE-ZEIT-1-777x1024.jpg 777w, https:\/\/www.schophoff.de\/wp-content\/uploads\/2018\/01\/Gelandet-in-Regensburg_DIE-ZEIT-1.jpg 1394w\" sizes=\"(max-width: 380px) 100vw, 380px\" \/><\/a><\/p>\n<h3><a href=\"https:\/\/www.schophoff.de\/wp-content\/uploads\/2018\/01\/Gelandet-in-Regensburg_DIE-ZEIT.pdf\"><strong>Gelandet in&#8230; Regensburg<\/strong><\/a><\/h3>\n<p>Da wollten Sie schon immer mal hin? Jetzt sind Sie endlich da. Julius Schophoff nimmt Sie zwei Stunden an die Hand. Sie entdecken: Schwarze B\u00e4ren<\/p>\n<p><span style=\"color: #ffffff;\">DIE ZEIT, April 2016<\/span><\/p>\n<p><span style=\"color: #333333;\">___________________________________________________________________________<\/span><\/p>\n<p><a href=\"https:\/\/www.schophoff.de\/wp-content\/uploads\/2018\/01\/Ueber-alle-Berge-DAHEIM.pdf\"><img loading=\"lazy\" decoding=\"async\" class=\"alignright  wp-image-877\" src=\"https:\/\/www.schophoff.de\/wp-content\/uploads\/2018\/01\/Ueber-alle-Berge-300x204.jpg\" alt=\"\" width=\"601\" height=\"408\" srcset=\"https:\/\/www.schophoff.de\/wp-content\/uploads\/2018\/01\/Ueber-alle-Berge-300x204.jpg 300w, https:\/\/www.schophoff.de\/wp-content\/uploads\/2018\/01\/Ueber-alle-Berge-768x522.jpg 768w, https:\/\/www.schophoff.de\/wp-content\/uploads\/2018\/01\/Ueber-alle-Berge-1024x696.jpg 1024w, https:\/\/www.schophoff.de\/wp-content\/uploads\/2018\/01\/Ueber-alle-Berge.jpg 1759w\" sizes=\"(max-width: 601px) 100vw, 601px\" \/><\/a><\/p>\n<h3><a href=\"https:\/\/www.schophoff.de\/wp-content\/uploads\/2018\/01\/Ueber-alle-Berge-DAHEIM.pdf\">Ueber alle Berge<\/a><\/h3>\n<p>Spektakul\u00e4re Ausblicke auf die Alpen bietet eine Fahrt mit dem Hei\u00dfluftballon<\/p>\n<p><span style=\"color: #ffffff;\">Daheim in Deutschland, Februar 2016<\/span><\/p>\n<p><span style=\"color: #ffffff;\"><span style=\"color: #333333;\">___________________________________________________________________________<\/span><\/span><\/p>\n<p><a href=\"https:\/\/www.schophoff.de\/wp-content\/uploads\/2016\/01\/Die-Huehner-aus-Zone-C_DIE-ZEIT.pdf\"><img loading=\"lazy\" decoding=\"async\" class=\"alignright  wp-image-832\" src=\"https:\/\/www.schophoff.de\/wp-content\/uploads\/2018\/01\/Die-Huehner-aus-Zone-C_DIE-ZEIT-300x217.jpg\" alt=\"\" width=\"601\" height=\"435\" srcset=\"https:\/\/www.schophoff.de\/wp-content\/uploads\/2018\/01\/Die-Huehner-aus-Zone-C_DIE-ZEIT-300x217.jpg 300w, https:\/\/www.schophoff.de\/wp-content\/uploads\/2018\/01\/Die-Huehner-aus-Zone-C_DIE-ZEIT-768x556.jpg 768w, https:\/\/www.schophoff.de\/wp-content\/uploads\/2018\/01\/Die-Huehner-aus-Zone-C_DIE-ZEIT-1024x742.jpg 1024w\" sizes=\"(max-width: 601px) 100vw, 601px\" \/><\/a><\/p>\n<h3><a href=\"https:\/\/www.schophoff.de\/wp-content\/uploads\/2016\/01\/Die-Huehner-aus-Zone-C_DIE-ZEIT.pdf\">Die Huehner aus Zone C<\/a><\/h3>\n<p>Balderschwang und Obermaiselstein im Allg\u00e4u wollen ihre Skigebiete mit einem Lift verbinden. Natursch\u00fctzer sehen den Birkhahn bedroht \u2013 und die gesamten Bayerischen Alpen<\/p>\n<p><span style=\"color: #ffffff;\">DIE ZEIT, Januar 2016<\/span><\/p>\n<p><span style=\"color: #ffffff;\"><span style=\"color: #333333;\">___________________________________________________________________________<\/span><\/span><\/p>\n<p><a href=\"https:\/\/www.schophoff.de\/wp-content\/uploads\/2015\/09\/Trend-zur-Dauerwelle_DIE-ZEIT.pdf\"><img loading=\"lazy\" decoding=\"async\" class=\"alignright  wp-image-856\" src=\"https:\/\/www.schophoff.de\/wp-content\/uploads\/2018\/01\/Trend-zur-Dauerwelle_DIE-ZEIT-294x300.jpg\" alt=\"\" width=\"599\" height=\"611\" srcset=\"https:\/\/www.schophoff.de\/wp-content\/uploads\/2018\/01\/Trend-zur-Dauerwelle_DIE-ZEIT-294x300.jpg 294w, https:\/\/www.schophoff.de\/wp-content\/uploads\/2018\/01\/Trend-zur-Dauerwelle_DIE-ZEIT-768x783.jpg 768w, https:\/\/www.schophoff.de\/wp-content\/uploads\/2018\/01\/Trend-zur-Dauerwelle_DIE-ZEIT-1004x1024.jpg 1004w\" sizes=\"(max-width: 599px) 100vw, 599px\" \/><\/a><\/p>\n<h3><a href=\"https:\/\/www.schophoff.de\/wp-content\/uploads\/2015\/09\/Trend-zur-Dauerwelle_DIE-ZEIT.pdf\">Trend zur Dauerwelle<\/a><\/h3>\n<p>Surfen ohne Meer, auf k\u00fcnstlichen Wogen: Wo bleibt da der Kick? Unser Autor testet im walisischen Dolgarrog den weltweit ersten Wavegarden<\/p>\n<p><span style=\"color: #ffffff;\">DIE ZEIT, September 2015<\/span><\/p>\n<p><span style=\"color: #ffffff;\"><span style=\"color: #333333;\">___________________________________________________________________________<\/span><\/span><\/p>\n<p><a href=\"https:\/\/www.schophoff.de\/wp-content\/uploads\/2015\/08\/Heilige-Naechte_DIE-ZEIT.pdf\"><img loading=\"lazy\" decoding=\"async\" class=\"alignright  wp-image-841\" src=\"https:\/\/www.schophoff.de\/wp-content\/uploads\/2018\/01\/Heilige-Naechte_DIE-ZEIT-1-295x300.jpg\" alt=\"\" width=\"600\" height=\"610\" srcset=\"https:\/\/www.schophoff.de\/wp-content\/uploads\/2018\/01\/Heilige-Naechte_DIE-ZEIT-1-295x300.jpg 295w, https:\/\/www.schophoff.de\/wp-content\/uploads\/2018\/01\/Heilige-Naechte_DIE-ZEIT-1-768x781.jpg 768w, https:\/\/www.schophoff.de\/wp-content\/uploads\/2018\/01\/Heilige-Naechte_DIE-ZEIT-1-1007x1024.jpg 1007w\" sizes=\"(max-width: 600px) 100vw, 600px\" \/><\/a><\/p>\n<h3><a href=\"https:\/\/www.schophoff.de\/wp-content\/uploads\/2015\/08\/Heilige-Naechte_DIE-ZEIT.pdf\">Heilige Naechte<\/a><\/h3>\n<p>In Gro\u00dfbritannien k\u00f6nnen Besucher jetzt in leer stehenden Kirchen campen. Unser Autor hat in zweien von ihnen sein Lager aufgeschlagen<\/p>\n<p><span style=\"color: #ffffff;\">DIE ZEIT, Juli 2015<\/span><\/p>\n<p><span style=\"color: #ffffff;\"><span style=\"color: #333333;\">___________________________________________________________________________<\/span><\/span><\/p>\n<h3><a href=\"https:\/\/www.schophoff.de\/wp-content\/uploads\/2015\/05\/Danke-fuer-den-Tee_Tashi_DIE-ZEIT.pdf\">Danke fuer den Tee<\/a><\/h3>\n<p>Auf ihren Reisen durch Nepal begegneten unsere Autoren immer wieder besonderen Menschen. Hier erz\u00e4hlen sie, an wen sie jetzt denken, in den Tagen nach dem Erdbeben<\/p>\n<p><a href=\"https:\/\/www.schophoff.de\/wp-content\/uploads\/2015\/05\/Danke-fuer-den-Tee_Tashi_DIE-ZEIT.pdf\">DIE ZEIT<\/a><span style=\"color: #ffffff;\">, Mai 2015<\/span><\/p>\n<p><span style=\"color: #ffffff;\"><span style=\"color: #333333;\">___________________________________________________________________________<\/span><\/span><\/p>\n<p><a href=\"https:\/\/www.schophoff.de\/wp-content\/uploads\/2015\/06\/Ranunkeln-an-Steuerbord_DIE-ZEIT.pdf\"><img loading=\"lazy\" decoding=\"async\" class=\"alignright  wp-image-853\" src=\"https:\/\/www.schophoff.de\/wp-content\/uploads\/2018\/01\/Ranunkeln-an-Steuerbord_DIE-ZEIT-294x300.jpg\" alt=\"\" width=\"600\" height=\"612\" srcset=\"https:\/\/www.schophoff.de\/wp-content\/uploads\/2018\/01\/Ranunkeln-an-Steuerbord_DIE-ZEIT-294x300.jpg 294w, https:\/\/www.schophoff.de\/wp-content\/uploads\/2018\/01\/Ranunkeln-an-Steuerbord_DIE-ZEIT-768x783.jpg 768w, https:\/\/www.schophoff.de\/wp-content\/uploads\/2018\/01\/Ranunkeln-an-Steuerbord_DIE-ZEIT-1004x1024.jpg 1004w\" sizes=\"(max-width: 600px) 100vw, 600px\" \/><\/a><\/p>\n<h3><a href=\"https:\/\/www.schophoff.de\/wp-content\/uploads\/2015\/06\/Ranunkeln-an-Steuerbord_DIE-ZEIT.pdf\">Ranunkeln an Steuerbord<\/a><\/h3>\n<p>Durch Sturm und Schleusen von Beet zu Beet: Mit dem Hausboot auf der Havel wird die Bundesgartenschau zum Abenteuer<\/p>\n<p><span style=\"color: #ffffff;\">DIE ZEIT, Mai 2015<\/span><\/p>\n<p><span style=\"color: #ffffff;\"><span style=\"color: #333333;\">___________________________________________________________________________<\/span><\/span><\/p>\n<p><a href=\"https:\/\/www.schophoff.de\/wp-content\/uploads\/2015\/03\/Leise-Saitenhiebe_DIE-ZEIT.pdf\"><img loading=\"lazy\" decoding=\"async\" class=\"alignright  wp-image-848\" src=\"https:\/\/www.schophoff.de\/wp-content\/uploads\/2018\/01\/Leise-Saitenhiebe_DIE-ZEIT-300x235.jpg\" alt=\"\" width=\"601\" height=\"471\" srcset=\"https:\/\/www.schophoff.de\/wp-content\/uploads\/2018\/01\/Leise-Saitenhiebe_DIE-ZEIT-300x235.jpg 300w, https:\/\/www.schophoff.de\/wp-content\/uploads\/2018\/01\/Leise-Saitenhiebe_DIE-ZEIT-768x601.jpg 768w, https:\/\/www.schophoff.de\/wp-content\/uploads\/2018\/01\/Leise-Saitenhiebe_DIE-ZEIT-1024x801.jpg 1024w\" sizes=\"(max-width: 601px) 100vw, 601px\" \/><\/a><\/p>\n<h3><a href=\"https:\/\/www.schophoff.de\/wp-content\/uploads\/2015\/03\/Leise-Saitenhiebe_DIE-ZEIT.pdf\">Leise Saitenhiebe<\/a><\/h3>\n<p>Das Hotel Waldhaus im Engadin g\u00f6nnt sich noch immer ein eigenes Trio. Nachmittags spielt es zum Tee, abends zum Tanz auf. Nicht immer folgen die Musiker dabei dem gleichen Takt<\/p>\n<p><span style=\"color: #ffffff;\">DIE ZEIT, Januar 2015<\/span><\/p>\n<p><span style=\"color: #ffffff;\"><span style=\"color: #333333;\">___________________________________________________________________________<\/span><\/span><\/p>\n<p><a href=\"https:\/\/www.schophoff.de\/wp-content\/uploads\/2015\/01\/Nach-der-Welle_DIE-ZEIT.pdf\"><img loading=\"lazy\" decoding=\"async\" class=\"alignright  wp-image-851\" src=\"https:\/\/www.schophoff.de\/wp-content\/uploads\/2018\/01\/Nach-der-Welle_DIE-ZEIT-211x300.jpg\" alt=\"\" width=\"600\" height=\"853\" \/><\/a><\/p>\n<h3><a href=\"https:\/\/www.schophoff.de\/wp-content\/uploads\/2015\/01\/Nach-der-Welle_DIE-ZEIT.pdf\">Nach der Welle<\/a><\/h3>\n<p>F\u00fcnf Menschen erz\u00e4hlen, wie der Tsunami im Indischen Ozean vor zehn Jahren ihr Leben ver\u00e4ndert hat<\/p>\n<p><span style=\"color: #ffffff;\">DIE ZEIT, Dezember 2014<\/span><\/p>\n<p><span style=\"color: #ffffff;\"><span style=\"color: #333333;\">___________________________________________________________________________<\/span><\/span><\/p>\n<p><a href=\"https:\/\/www.schophoff.de\/wp-content\/uploads\/2018\/01\/Die-Unzaehmbare-DAHEIM.pdf\"><img loading=\"lazy\" decoding=\"async\" class=\"alignright  wp-image-834\" src=\"https:\/\/www.schophoff.de\/wp-content\/uploads\/2018\/01\/Die-Unzaehmbare-DAHEIM-300x202.jpg\" alt=\"\" width=\"601\" height=\"405\" srcset=\"https:\/\/www.schophoff.de\/wp-content\/uploads\/2018\/01\/Die-Unzaehmbare-DAHEIM-300x202.jpg 300w, https:\/\/www.schophoff.de\/wp-content\/uploads\/2018\/01\/Die-Unzaehmbare-DAHEIM-768x518.jpg 768w, https:\/\/www.schophoff.de\/wp-content\/uploads\/2018\/01\/Die-Unzaehmbare-DAHEIM-1024x691.jpg 1024w\" sizes=\"(max-width: 601px) 100vw, 601px\" \/><\/a><\/p>\n<h3><a href=\"https:\/\/www.schophoff.de\/wp-content\/uploads\/2018\/01\/Die-Unzaehmbare-DAHEIM.pdf\">Die Unzaehmbare<\/a><\/h3>\n<p>Die Europ\u00e4ische Wildkatze lebt in den Tiefen des Waldes und macht ihrem Namen alle Ehre<\/p>\n<p><span style=\"color: #ffffff;\">Daheim in Deutschland, Dezember 2014<\/span><\/p>\n<p><span style=\"color: #ffffff;\"><span style=\"color: #333333;\">___________________________________________________________________________<\/span><\/span><\/p>\n<h3><a href=\"https:\/\/www.schophoff.de\/wp-content\/uploads\/2015\/01\/Von-3-Grad-auf-100-DIE-ZEIT.pdf\">Von 3 Grad auf 100<\/a><\/h3>\n<p>In der Hitze schmort der Saft: Unser Autor hat im bayerischen Erding bis zum Siedepunkt sauniert<\/p>\n<p><a href=\"https:\/\/www.schophoff.de\/wp-content\/uploads\/2015\/01\/Von-3-Grad-auf-100-DIE-ZEIT.pdf\">DIE ZEIT<\/a>, <span style=\"color: #ffffff;\">November 2014<\/span><\/p>\n<p><span style=\"color: #ffffff;\"><span style=\"color: #333333;\">___________________________________________________________________________<\/span><\/span><\/p>\n<p><a href=\"https:\/\/www.schophoff.de\/wp-content\/uploads\/2014\/09\/Ich-hab-die-Duese_DIE-ZEIT.pdf\"><img loading=\"lazy\" decoding=\"async\" class=\"alignright  wp-image-844\" src=\"https:\/\/www.schophoff.de\/wp-content\/uploads\/2018\/01\/Ich-hab-die-Duese_DIE-ZEIT-293x300.jpg\" alt=\"\" width=\"600\" height=\"615\" \/><\/a><\/p>\n<h3><a href=\"https:\/\/www.schophoff.de\/wp-content\/uploads\/2014\/09\/Ich-hab-die-Duese_DIE-ZEIT.pdf\">Ich hab die Duese!<\/a><\/h3>\n<p>Superman in einer Viertelstunde? Am Gardasee wagte sich Julius Schophoff auf ein Flyboard<\/p>\n<p><span style=\"color: #ffffff;\">DIE ZEIT, September 2014<\/span><\/p>\n<p><span style=\"color: #ffffff;\"><span style=\"color: #333333;\">___________________________________________________________________________<\/span><\/span><\/p>\n<p><a href=\"https:\/\/www.schophoff.de\/wp-content\/uploads\/2014\/07\/Insel-mit-Schlagseite-DIE-ZEIT.pdf\"><img loading=\"lazy\" decoding=\"async\" class=\"alignright  wp-image-845\" src=\"https:\/\/www.schophoff.de\/wp-content\/uploads\/2018\/01\/Insel-mit-Schlagseite-DIE-ZEIT-212x300.jpg\" alt=\"\" width=\"600\" height=\"850\" srcset=\"https:\/\/www.schophoff.de\/wp-content\/uploads\/2018\/01\/Insel-mit-Schlagseite-DIE-ZEIT-212x300.jpg 212w, https:\/\/www.schophoff.de\/wp-content\/uploads\/2018\/01\/Insel-mit-Schlagseite-DIE-ZEIT-768x1087.jpg 768w, https:\/\/www.schophoff.de\/wp-content\/uploads\/2018\/01\/Insel-mit-Schlagseite-DIE-ZEIT-724x1024.jpg 724w\" sizes=\"(max-width: 600px) 100vw, 600px\" \/><\/a><\/p>\n<h3><a href=\"https:\/\/www.schophoff.de\/wp-content\/uploads\/2014\/07\/Insel-mit-Schlagseite-DIE-ZEIT.pdf\">Insel mit Schlagseite<\/a><\/h3>\n<p>Im Januar 2012 lief vor Giglio die \u00bbCosta Concordia\u00ab auf einen Felsen. Mitte Juli soll das Schiff nun weggeschleppt werden. Das Wrack hat die Insel vor der toskanischen K\u00fcste weltbekannt gemacht. Aber zu welchem Preis?<\/p>\n<p><a href=\"https:\/\/www.schophoff.de\/wp-content\/uploads\/2014\/07\/Insel-mit-Schlagseite-DIE-ZEIT.pdf\">DIE ZEIT<\/a> <span style=\"color: #ffffff;\">Juli 2014<\/span><\/p>\n<p><strong><span style=\"color: #ffffff;\"><em>* ausgezeichnet mit dem Columbus-Autorenpreis 2014 der Vereinigung Deutscher Reisejournalisten<\/em><\/span><\/strong><\/p>\n<p><span style=\"color: #ffffff;\"><span style=\"color: #333333;\">___________________________________________________________________________<\/span><\/span><\/p>\n<p><a href=\"https:\/\/www.schophoff.de\/wp-content\/uploads\/2014\/03\/Asyl-de-luxe-DIE-ZEIT.pdf\"><img loading=\"lazy\" decoding=\"async\" class=\"alignright  wp-image-887\" src=\"https:\/\/www.schophoff.de\/wp-content\/uploads\/2018\/01\/Asyl-de-luxe-DIE-ZEIT-300x230.jpg\" alt=\"\" width=\"601\" height=\"460\" srcset=\"https:\/\/www.schophoff.de\/wp-content\/uploads\/2018\/01\/Asyl-de-luxe-DIE-ZEIT-300x230.jpg 300w, https:\/\/www.schophoff.de\/wp-content\/uploads\/2018\/01\/Asyl-de-luxe-DIE-ZEIT-768x589.jpg 768w, https:\/\/www.schophoff.de\/wp-content\/uploads\/2018\/01\/Asyl-de-luxe-DIE-ZEIT-1024x786.jpg 1024w\" sizes=\"(max-width: 601px) 100vw, 601px\" \/><\/a><\/p>\n<h3><a href=\"https:\/\/www.schophoff.de\/wp-content\/uploads\/2014\/03\/Asyl-de-luxe-DIE-ZEIT.pdf\">Asyl de luxe<\/a><\/h3>\n<p>Warum m\u00fcssen Fl\u00fcchtlinge in Heimen wohnen, fragten sich K\u00fcnstler aus Augsburg und er\u00f6ffneten ein Grandhotel f\u00fcr Menschen auf der Flucht. Exilanten und Touristen unter einem Dach: F\u00fcr diese Idee gewannen die Hoteliers Sponsoren und Preise. Dann trat die bayerische Staatsgewalt auf den Plan<\/p>\n<p><span style=\"color: #ffffff;\">DIE ZEIT, M\u00e4rz 2014<\/span><\/p>\n<p><span style=\"color: #ffffff;\"><span style=\"color: #333333;\">___________________________________________________________________________<\/span><\/span><\/p>\n<p><a href=\"https:\/\/www.schophoff.de\/wp-content\/uploads\/2014\/03\/Morgen-ziehe-ich-weiter_DIE-ZEIT.pdf\"><img loading=\"lazy\" decoding=\"async\" class=\"alignright  wp-image-850\" src=\"https:\/\/www.schophoff.de\/wp-content\/uploads\/2018\/01\/Morgen-ziehe-ich-weiter_DIE-ZEIT-293x300.jpg\" alt=\"\" width=\"600\" height=\"615\" srcset=\"https:\/\/www.schophoff.de\/wp-content\/uploads\/2018\/01\/Morgen-ziehe-ich-weiter_DIE-ZEIT-293x300.jpg 293w, https:\/\/www.schophoff.de\/wp-content\/uploads\/2018\/01\/Morgen-ziehe-ich-weiter_DIE-ZEIT-768x787.jpg 768w, https:\/\/www.schophoff.de\/wp-content\/uploads\/2018\/01\/Morgen-ziehe-ich-weiter_DIE-ZEIT-999x1024.jpg 999w\" sizes=\"(max-width: 600px) 100vw, 600px\" \/><\/a><\/p>\n<h3><a href=\"https:\/\/www.schophoff.de\/wp-content\/uploads\/2014\/03\/Morgen-ziehe-ich-weiter_DIE-ZEIT.pdf\">Morgen ziehe ich weiter<\/a><\/h3>\n<p>Kathmandu war einst Sehnsuchtsort am Ende des Hippie-Trails. Heute machen Abenteurer in Nepals Hauptstadt Station auf ihrem Weg zum Himalaya. Die meisten bleiben nur zwei, drei Tage \u2013 doch manch einer kehrt von dort nie mehr zur\u00fcck<\/p>\n<p><span style=\"color: #ffffff;\">DIE ZEIT, Februar 2014<\/span><\/p>\n<p><span style=\"color: #ffffff;\"><span style=\"color: #333333;\">___________________________________________________________________________<\/span><\/span><\/p>\n<p><a href=\"https:\/\/www.schophoff.de\/wp-content\/uploads\/2013\/12\/Licht-aus-Spot-an-DIE-ZEIT.pdf\"><img loading=\"lazy\" decoding=\"async\" class=\"alignright  wp-image-849\" src=\"https:\/\/www.schophoff.de\/wp-content\/uploads\/2018\/01\/Licht-aus-Spot-an-DIE-ZEIT-300x238.jpg\" alt=\"\" width=\"601\" height=\"477\" srcset=\"https:\/\/www.schophoff.de\/wp-content\/uploads\/2018\/01\/Licht-aus-Spot-an-DIE-ZEIT-300x238.jpg 300w, https:\/\/www.schophoff.de\/wp-content\/uploads\/2018\/01\/Licht-aus-Spot-an-DIE-ZEIT-768x610.jpg 768w, https:\/\/www.schophoff.de\/wp-content\/uploads\/2018\/01\/Licht-aus-Spot-an-DIE-ZEIT-1024x814.jpg 1024w\" sizes=\"(max-width: 601px) 100vw, 601px\" \/><\/a><\/p>\n<h3><a href=\"https:\/\/www.schophoff.de\/wp-content\/uploads\/2013\/12\/Licht-aus-Spot-an-DIE-ZEIT.pdf\">Licht aus. Spot an<\/a><\/h3>\n<p>Bisher lag das norwegische St\u00e4dtchen Rjukan jedes Jahr f\u00fcr knapp sechs Monate im Schatten. Seit zwei Wochen werden Sonnenstrahlen \u00fcber ferngesteuerte Spiegel auf den Marktplatz gelenkt. Die Geschichte einer Erleuchtung<\/p>\n<p><span style=\"color: #ffffff;\">DIE ZEIT, November 2013 <\/span><\/p>\n<p><span style=\"color: #ffffff;\"><strong> * ausgezeichnet mit dem Columbus-Autorenpreis 2013 der Vereinigung Deutscher Reisejournalisten<\/strong><\/span><\/p>\n<p><span style=\"color: #ffffff;\"><span style=\"color: #333333;\">___________________________________________________________________________<\/span><\/span><\/p>\n<p><a href=\"https:\/\/www.schophoff.de\/wp-content\/uploads\/2013\/11\/Der-Anfang-des-Lebens.pdf\"><img loading=\"lazy\" decoding=\"async\" class=\"alignright  wp-image-828\" src=\"https:\/\/www.schophoff.de\/wp-content\/uploads\/2018\/01\/Der-Anfang-des-Lebens-237x300.jpg\" alt=\"\" width=\"395\" height=\"500\" srcset=\"https:\/\/www.schophoff.de\/wp-content\/uploads\/2018\/01\/Der-Anfang-des-Lebens-237x300.jpg 237w, https:\/\/www.schophoff.de\/wp-content\/uploads\/2018\/01\/Der-Anfang-des-Lebens-768x973.jpg 768w, https:\/\/www.schophoff.de\/wp-content\/uploads\/2018\/01\/Der-Anfang-des-Lebens-808x1024.jpg 808w, https:\/\/www.schophoff.de\/wp-content\/uploads\/2018\/01\/Der-Anfang-des-Lebens.jpg 886w\" sizes=\"(max-width: 395px) 100vw, 395px\" \/><\/a><\/p>\n<h3><a href=\"https:\/\/www.schophoff.de\/wp-content\/uploads\/2013\/11\/Der-Anfang-des-Lebens.pdf\">Der Anfang des Lebens<\/a><\/h3>\n<p>Spaziergang Baby im Bauchbeutel: Der Regensburger Friedhof auf dem Dreifaltigkeitsberg<\/p>\n<p><span style=\"color: #ffffff;\">DIE ZEIT, Oktober 2013<\/span><\/p>\n<p><span style=\"color: #ffffff;\"><span style=\"color: #333333;\">___________________________________________________________________________<\/span><\/span><\/p>\n<p><a href=\"https:\/\/www.schophoff.de\/wp-content\/uploads\/2013\/09\/Das-Fauchen-der-Wale.pdf\"><img loading=\"lazy\" decoding=\"async\" class=\"alignright  wp-image-827\" src=\"https:\/\/www.schophoff.de\/wp-content\/uploads\/2018\/01\/Das-Fauchen-der-Wale-DIE-ZEIT-300x234.jpg\" alt=\"\" width=\"601\" height=\"469\" srcset=\"https:\/\/www.schophoff.de\/wp-content\/uploads\/2018\/01\/Das-Fauchen-der-Wale-DIE-ZEIT-300x234.jpg 300w, https:\/\/www.schophoff.de\/wp-content\/uploads\/2018\/01\/Das-Fauchen-der-Wale-DIE-ZEIT-768x600.jpg 768w, https:\/\/www.schophoff.de\/wp-content\/uploads\/2018\/01\/Das-Fauchen-der-Wale-DIE-ZEIT-1024x800.jpg 1024w, https:\/\/www.schophoff.de\/wp-content\/uploads\/2018\/01\/Das-Fauchen-der-Wale-DIE-ZEIT.jpg 1240w\" sizes=\"(max-width: 601px) 100vw, 601px\" \/><\/a><\/p>\n<h3><a href=\"https:\/\/www.schophoff.de\/wp-content\/uploads\/2013\/09\/Das-Fauchen-der-Wale.pdf\">Das Fauchen der Wale<\/a><\/h3>\n<p>Den Great Bear Rainforest, ein Labyrinth aus Inseln und Fjorden, sollen bald \u00d6ltanker durchpfl\u00fcgen. Segelt\u00f6rn durch ein bedrohtes Paradies an Kanadas Westk\u00fcste<\/p>\n<p><span style=\"color: #ffffff;\">DIE ZEIT, September 2013<\/span><\/p>\n<p><span style=\"color: #ffffff;\"><span style=\"color: #333333;\">___________________________________________________________________________<\/span><\/span><\/p>\n<p><a href=\"https:\/\/www.schophoff.de\/wp-content\/uploads\/2013\/07\/Wasser-marsch-DIE-ZEIT.pdf\"><img loading=\"lazy\" decoding=\"async\" class=\"alignright  wp-image-858\" src=\"https:\/\/www.schophoff.de\/wp-content\/uploads\/2018\/01\/Wasser-marsch-DIE-ZEIT-300x256.jpg\" alt=\"\" width=\"600\" height=\"512\" srcset=\"https:\/\/www.schophoff.de\/wp-content\/uploads\/2018\/01\/Wasser-marsch-DIE-ZEIT-300x256.jpg 300w, https:\/\/www.schophoff.de\/wp-content\/uploads\/2018\/01\/Wasser-marsch-DIE-ZEIT-768x655.jpg 768w, https:\/\/www.schophoff.de\/wp-content\/uploads\/2018\/01\/Wasser-marsch-DIE-ZEIT-1024x873.jpg 1024w\" sizes=\"(max-width: 600px) 100vw, 600px\" \/><\/a><\/p>\n<h3><a href=\"https:\/\/www.schophoff.de\/wp-content\/uploads\/2013\/07\/Wasser-marsch-DIE-ZEIT.pdf\">Wasser, marsch!<\/a><\/h3>\n<p>Schnorcheln, wo die Wanderwege enden: Seatrekker erkunden K\u00fcsten mit aufblasbaren Rucks\u00e4cken, die man \u00fcber die Berge tragen und im Wasser hinter sich herziehen kann. Ein Selbstversuch in Italien am Kap von Portofino<\/p>\n<p><span style=\"color: #ffffff;\">DIE ZEIT, Juli 2013<\/span><\/p>\n<p><span style=\"color: #ffffff;\"><span style=\"color: #333333;\">___________________________________________________________________________<\/span><\/span><\/p>\n<p><a href=\"https:\/\/www.schophoff.de\/wp-content\/uploads\/2013\/05\/Ins-gemachte-Nest_NATUR.pdf\"><img loading=\"lazy\" decoding=\"async\" class=\"alignright  wp-image-889\" src=\"https:\/\/www.schophoff.de\/wp-content\/uploads\/2018\/01\/Ins-gemachte-Nest_NATUR-300x204.jpg\" alt=\"\" width=\"601\" height=\"409\" srcset=\"https:\/\/www.schophoff.de\/wp-content\/uploads\/2018\/01\/Ins-gemachte-Nest_NATUR-300x204.jpg 300w, https:\/\/www.schophoff.de\/wp-content\/uploads\/2018\/01\/Ins-gemachte-Nest_NATUR-768x523.jpg 768w, https:\/\/www.schophoff.de\/wp-content\/uploads\/2018\/01\/Ins-gemachte-Nest_NATUR-1024x697.jpg 1024w, https:\/\/www.schophoff.de\/wp-content\/uploads\/2018\/01\/Ins-gemachte-Nest_NATUR.jpg 1191w\" sizes=\"(max-width: 601px) 100vw, 601px\" \/><\/a><\/p>\n<h3><a href=\"https:\/\/www.schophoff.de\/wp-content\/uploads\/2013\/05\/Ins-gemachte-Nest_NATUR.pdf\">Ins gemachte Nest<\/a><\/h3>\n<p>Horste ausmisten, Nisthilfen anbringen und schlie\u00dflich die Live-\u00dcbertragung in der Bar. In R\u00fchst\u00e4dt r\u00fcstet man sich jedes Jahr f\u00fcr die Ankunft der St\u00f6rche. Wie in zw\u00f6lf anderen europ\u00e4ischen D\u00f6rfern. Und davon profitieren nicht nur die Tiere<\/p>\n<p><span style=\"color: #ffffff;\">natur, Mai 2013<\/span><\/p>\n<p><span style=\"color: #ffffff;\"><span style=\"color: #333333;\">___________________________________________________________________________<\/span><\/span><\/p>\n<p><a href=\"https:\/\/www.schophoff.de\/wp-content\/uploads\/2013\/01\/Pubs-Pints-und-Rasenmaeher-DIE-ZEIT.pdf\"><img loading=\"lazy\" decoding=\"async\" class=\"alignright  wp-image-852\" src=\"https:\/\/www.schophoff.de\/wp-content\/uploads\/2018\/01\/Pubs-Pints-und-Rasenmaeher-DIE-ZEIT-300x249.png\" alt=\"\" width=\"601\" height=\"499\" srcset=\"https:\/\/www.schophoff.de\/wp-content\/uploads\/2018\/01\/Pubs-Pints-und-Rasenmaeher-DIE-ZEIT-300x249.png 300w, https:\/\/www.schophoff.de\/wp-content\/uploads\/2018\/01\/Pubs-Pints-und-Rasenmaeher-DIE-ZEIT-768x637.png 768w, https:\/\/www.schophoff.de\/wp-content\/uploads\/2018\/01\/Pubs-Pints-und-Rasenmaeher-DIE-ZEIT.png 952w\" sizes=\"(max-width: 601px) 100vw, 601px\" \/><\/a><\/p>\n<h3><a href=\"https:\/\/www.schophoff.de\/wp-content\/uploads\/2013\/01\/Pubs-Pints-und-Rasenmaeher-DIE-ZEIT.pdf\">Pubs, Pints und Rasenmaeher<\/a><\/h3>\n<p>Fr\u00fcher stand in Irland auf jedem Ladentisch ein Zapfhahn. Drei Kneipengesch\u00e4fte haben sich in Dingle bis heute gehalten<\/p>\n<p><span style=\"color: #ffffff;\">DIE ZEIT, Januar 2013 <\/span><\/p>\n<p><span style=\"color: #ffffff;\"><strong>* ausgezeichnet mit dem Journalistenpreis Irland<\/strong><\/span><\/p>\n<p><span style=\"color: #ffffff;\"><span style=\"color: #333333;\">___________________________________________________________________________<\/span><\/span><\/p>\n<p><a href=\"https:\/\/www.schophoff.de\/wp-content\/uploads\/2012\/09\/Die-Unschlagbare_MENSCHEN-Magazin.pdf\"><img loading=\"lazy\" decoding=\"async\" class=\"alignright  wp-image-894\" src=\"https:\/\/www.schophoff.de\/wp-content\/uploads\/2018\/01\/Die-Unschlagbare_MENSCHEN-Magazin-3-227x300.jpg\" alt=\"\" width=\"600\" height=\"794\" srcset=\"https:\/\/www.schophoff.de\/wp-content\/uploads\/2018\/01\/Die-Unschlagbare_MENSCHEN-Magazin-3-227x300.jpg 227w, https:\/\/www.schophoff.de\/wp-content\/uploads\/2018\/01\/Die-Unschlagbare_MENSCHEN-Magazin-3-775x1024.jpg 775w, https:\/\/www.schophoff.de\/wp-content\/uploads\/2018\/01\/Die-Unschlagbare_MENSCHEN-Magazin-3.jpg 1200w\" sizes=\"(max-width: 600px) 100vw, 600px\" \/><\/a><\/p>\n<h3><a href=\"https:\/\/www.schophoff.de\/wp-content\/uploads\/2012\/09\/Die-Unschlagbare_MENSCHEN-Magazin.pdf\">Die Unschlagbare<\/a><\/h3>\n<p>Seit 13 Jahren f\u00fchrt sie die Weltrangliste im Rollstuhltennis an. Seit fast einem Jahrzehnt hat sie kein einziges Spiel verloren. Die Niederl\u00e4nderin Esther Vergeer ist die \u00fcberlegenste Profisportlerin der Welt. Bei den Paralympischen Spielen in London holte sie gerade ihre Goldmedaillen Nummer sechs und sieben<\/p>\n<p><span style=\"color: #ffffff;\">MENSCHEN Magazin, September 2012<\/span><\/p>\n<p><span style=\"color: #ffffff;\"><span style=\"color: #333333;\">___________________________________________________________________________<\/span><\/span><\/p>\n<p><a href=\"https:\/\/www.schophoff.de\/wp-content\/uploads\/2012\/07\/Die-haben-noch-Eier_DIE-ZEIT.pdf\"><img loading=\"lazy\" decoding=\"async\" class=\"alignright  wp-image-831\" src=\"https:\/\/www.schophoff.de\/wp-content\/uploads\/2018\/01\/Die-haben-noch-Eier_DIE-ZEIT-248x300.jpg\" alt=\"\" width=\"599\" height=\"725\" srcset=\"https:\/\/www.schophoff.de\/wp-content\/uploads\/2018\/01\/Die-haben-noch-Eier_DIE-ZEIT-248x300.jpg 248w, https:\/\/www.schophoff.de\/wp-content\/uploads\/2018\/01\/Die-haben-noch-Eier_DIE-ZEIT-768x928.jpg 768w\" sizes=\"(max-width: 599px) 100vw, 599px\" \/><\/a><\/p>\n<h3><a href=\"https:\/\/www.schophoff.de\/wp-content\/uploads\/2012\/07\/Die-haben-noch-Eier_DIE-ZEIT.pdf\">Die haben noch Eier!<\/a><\/h3>\n<p>Bei Meeresschildkr\u00f6ten sind die einsamen Str\u00e4nde Nordzyperns zum Br\u00fcten beliebt. Am Alagadi Turtle Beach kann man ihnen mit etwas Gl\u00fcck dabei sogar die Flossen streicheln<\/p>\n<p><span style=\"color: #ffffff;\">DIE ZEIT, Juli 2012<\/span><\/p>\n<p><span style=\"color: #ffffff;\"><span style=\"color: #333333;\">___________________________________________________________________________<\/span><\/span><\/p>\n<p><a href=\"https:\/\/www.schophoff.de\/wp-content\/uploads\/2012\/07\/Hasen-auf-Crashkurs_DIE-ZEIT.pdf\"><img loading=\"lazy\" decoding=\"async\" class=\"alignright  wp-image-839\" src=\"https:\/\/www.schophoff.de\/wp-content\/uploads\/2018\/01\/Hasen-auf-Crashkurs_DIE-ZEIT-300x220.jpg\" alt=\"\" width=\"599\" height=\"440\" srcset=\"https:\/\/www.schophoff.de\/wp-content\/uploads\/2018\/01\/Hasen-auf-Crashkurs_DIE-ZEIT-300x220.jpg 300w, https:\/\/www.schophoff.de\/wp-content\/uploads\/2018\/01\/Hasen-auf-Crashkurs_DIE-ZEIT-768x564.jpg 768w, https:\/\/www.schophoff.de\/wp-content\/uploads\/2018\/01\/Hasen-auf-Crashkurs_DIE-ZEIT-1024x752.jpg 1024w\" sizes=\"(max-width: 599px) 100vw, 599px\" \/><\/a><\/p>\n<h3><a href=\"https:\/\/www.schophoff.de\/wp-content\/uploads\/2012\/07\/Hasen-auf-Crashkurs_DIE-ZEIT.pdf\">Hasen auf Crashkurs<\/a><\/h3>\n<p>Die Welt schaut nach London, wir schauen in die Welt: F\u00fcnf sportliche Disziplinen, die garantiert nie olympiareif werden<\/p>\n<p><span style=\"color: #ffffff;\">DIE ZEIT, Juli 2012<\/span><\/p>\n<p><span style=\"color: #ffffff;\"><span style=\"color: #333333;\">___________________________________________________________________________<\/span><\/span><\/p>\n<p><a href=\"https:\/\/www.schophoff.de\/wp-content\/uploads\/2012\/05\/Auf-der-Klippe_DIE-ZEIT.pdf\"><img loading=\"lazy\" decoding=\"async\" class=\"alignright  wp-image-823\" src=\"https:\/\/www.schophoff.de\/wp-content\/uploads\/2018\/01\/Auf-der-Klippe_DIE-ZEIT-280x300.jpg\" alt=\"\" width=\"600\" height=\"642\" \/><\/a><\/p>\n<h3><a href=\"https:\/\/www.schophoff.de\/wp-content\/uploads\/2012\/05\/Auf-der-Klippe_DIE-ZEIT.pdf\">Auf der Klippe<\/a><\/h3>\n<p>In Wales st\u00fcrzen sich beim Abenteuersport Coasteering reihenweise Leute in die Tiefe. Unser Autor tat es ihnen nach \u2013 mit Gezappel und Geschrei<\/p>\n<p><span style=\"color: #ffffff;\">DIE ZEIT, Mai 2012<\/span><\/p>\n<p><span style=\"color: #ffffff;\"><span style=\"color: #333333;\">___________________________________________________________________________<\/span><\/span><\/p>\n<p><a href=\"https:\/\/www.schophoff.de\/wp-content\/uploads\/2012\/05\/Sei-kein-Tor-DIE-ZEIT.pdf\"><img loading=\"lazy\" decoding=\"async\" class=\"alignright  wp-image-855\" src=\"https:\/\/www.schophoff.de\/wp-content\/uploads\/2018\/01\/Sei-kein-Tor-DIE-ZEIT-300x249.jpg\" alt=\"\" width=\"600\" height=\"498\" srcset=\"https:\/\/www.schophoff.de\/wp-content\/uploads\/2018\/01\/Sei-kein-Tor-DIE-ZEIT-300x249.jpg 300w, https:\/\/www.schophoff.de\/wp-content\/uploads\/2018\/01\/Sei-kein-Tor-DIE-ZEIT-768x638.jpg 768w, https:\/\/www.schophoff.de\/wp-content\/uploads\/2018\/01\/Sei-kein-Tor-DIE-ZEIT-1024x850.jpg 1024w\" sizes=\"(max-width: 600px) 100vw, 600px\" \/><\/a><\/p>\n<h3><a href=\"https:\/\/www.schophoff.de\/wp-content\/uploads\/2012\/05\/Sei-kein-Tor-DIE-ZEIT.pdf\">Sei kein Tor<\/a><\/h3>\n<p>F\u00fcr alle, die noch mehr als Fu\u00dfball im Kopf haben wollen: Drei B\u00fccher \u00fcber Polen und die Ukraine zur Europameisterschaft 2012<\/p>\n<p><span style=\"color: #ffffff;\"><a style=\"color: #ffffff;\" href=\"https:\/\/www.schophoff.de\/wp-content\/uploads\/2012\/05\/Sei-kein-Tor-DIE-ZEIT.pdf\">DIE ZEIT,<\/a> Mai 2012<\/span><\/p>\n<p><span style=\"color: #ffffff;\"><span style=\"color: #333333;\">___________________________________________________________________________<\/span><\/span><\/p>\n<p><a href=\"https:\/\/www.schophoff.de\/wp-content\/uploads\/2012\/05\/Sei-kein-Tor-DIE-ZEIT.pdf\"><img loading=\"lazy\" decoding=\"async\" class=\"alignright  wp-image-821\" src=\"https:\/\/www.schophoff.de\/wp-content\/uploads\/2018\/01\/Alles-fuer-den-Storch-mobil-300x200.jpg\" alt=\"\" width=\"601\" height=\"400\" srcset=\"https:\/\/www.schophoff.de\/wp-content\/uploads\/2018\/01\/Alles-fuer-den-Storch-mobil-300x200.jpg 300w, https:\/\/www.schophoff.de\/wp-content\/uploads\/2018\/01\/Alles-fuer-den-Storch-mobil-768x512.jpg 768w, https:\/\/www.schophoff.de\/wp-content\/uploads\/2018\/01\/Alles-fuer-den-Storch-mobil-1024x683.jpg 1024w\" sizes=\"(max-width: 601px) 100vw, 601px\" \/><\/a><\/p>\n<h3><a href=\"https:\/\/www.schophoff.de\/wp-content\/uploads\/2012\/05\/Sei-kein-Tor-DIE-ZEIT.pdf\">Alles fuer den Storch<\/a><\/h3>\n<p>Nirgends in Deutschland gibt es so viele Wei\u00dfst\u00f6rche wie in R\u00fchst\u00e4dt. Die Bewohner des kleinen Brandenburger Elbdorfs tun alles daf\u00fcr, dass es so bleibt. Zu Besuch beim gro\u00dfen Nesterputz<\/p>\n<p><span style=\"color: #ffffff;\">DB mobil, Mai 2012<\/span><\/p>\n<p><span style=\"color: #ffffff;\"><span style=\"color: #333333;\">___________________________________________________________________________<\/span><\/span><\/p>\n<p><a href=\"https:\/\/www.schophoff.de\/wp-content\/uploads\/2011\/06\/Kein-Wind-von-Traurigkeit_DIE-ZEIT.pdf\"><img loading=\"lazy\" decoding=\"async\" class=\"alignright  wp-image-847\" src=\"https:\/\/www.schophoff.de\/wp-content\/uploads\/2018\/01\/Kein-Wind-von-Traurigkeit_DIE-ZEIT-250x300.jpg\" alt=\"\" width=\"600\" height=\"719\" srcset=\"https:\/\/www.schophoff.de\/wp-content\/uploads\/2018\/01\/Kein-Wind-von-Traurigkeit_DIE-ZEIT-250x300.jpg 250w, https:\/\/www.schophoff.de\/wp-content\/uploads\/2018\/01\/Kein-Wind-von-Traurigkeit_DIE-ZEIT-768x921.jpg 768w, https:\/\/www.schophoff.de\/wp-content\/uploads\/2018\/01\/Kein-Wind-von-Traurigkeit_DIE-ZEIT-854x1024.jpg 854w\" sizes=\"(max-width: 600px) 100vw, 600px\" \/><\/a><\/p>\n<h3><a href=\"https:\/\/www.schophoff.de\/wp-content\/uploads\/2011\/06\/Kein-Wind-von-Traurigkeit_DIE-ZEIT.pdf\">Kein Wind von Traurigkeit<\/a><\/h3>\n<p>Wer sich von Drachen \u00fcber gefrorene Seen ziehen l\u00e4sst, lernt sogar zu fliegen \u2013 durch die Luft und auf die Nase. Ein Selbstversuch im Snowkiten<\/p>\n<p><span style=\"color: #ffffff;\">DIE ZEIT, Februar 2012<\/span><\/p>\n<p><span style=\"color: #ffffff;\"><span style=\"color: #333333;\">___________________________________________________________________________<\/span><\/span><\/p>\n<p><a href=\"https:\/\/www.schophoff.de\/wp-content\/uploads\/2011\/06\/Das-Kreuz-von-Wackersdorf.pdf\"><img loading=\"lazy\" decoding=\"async\" class=\"alignright  wp-image-893\" src=\"https:\/\/www.schophoff.de\/wp-content\/uploads\/2018\/01\/Das-Kreuz-von-Wackersdorf-300x193.jpg\" alt=\"\" width=\"601\" height=\"386\" srcset=\"https:\/\/www.schophoff.de\/wp-content\/uploads\/2018\/01\/Das-Kreuz-von-Wackersdorf-300x193.jpg 300w, https:\/\/www.schophoff.de\/wp-content\/uploads\/2018\/01\/Das-Kreuz-von-Wackersdorf-768x494.jpg 768w, https:\/\/www.schophoff.de\/wp-content\/uploads\/2018\/01\/Das-Kreuz-von-Wackersdorf-1024x659.jpg 1024w\" sizes=\"(max-width: 601px) 100vw, 601px\" \/><\/a><\/p>\n<h3><a href=\"https:\/\/www.schophoff.de\/wp-content\/uploads\/2011\/06\/Das-Kreuz-von-Wackersdorf.pdf\">Das Kreuz von Wackersdorf<\/a><\/h3>\n<p>Zigtausende Menschen demonstrierten 1986 gegen die atomare Aufbereitungsanlage Wackersdorf, unter ihnen sehr viele Christen: Ihr Kruzifix im H\u00fcttendorf wurde zu einem umstrittenen Symbol<\/p>\n<p><span style=\"color: #ffffff;\">Chrismon Plus, August 2011<\/span><strong><span style=\"color: #ffffff;\"><br \/>\n<\/span><\/strong><\/p>\n<p><span style=\"color: #ffffff;\"><span style=\"color: #333333;\">___________________________________________________________________________<\/span><\/span><\/p>\n<p><a href=\"https:\/\/www.schophoff.de\/wp-content\/uploads\/2011\/06\/Her-mit-dem-Schrott_Handelsblatt.pdf\"><img loading=\"lazy\" decoding=\"async\" class=\"alignright  wp-image-843\" src=\"https:\/\/www.schophoff.de\/wp-content\/uploads\/2018\/01\/Her-mit-dem-Schrott_HANDELSBLATT-300x213.jpg\" alt=\"\" width=\"600\" height=\"426\" srcset=\"https:\/\/www.schophoff.de\/wp-content\/uploads\/2018\/01\/Her-mit-dem-Schrott_HANDELSBLATT-300x213.jpg 300w, https:\/\/www.schophoff.de\/wp-content\/uploads\/2018\/01\/Her-mit-dem-Schrott_HANDELSBLATT-768x546.jpg 768w, https:\/\/www.schophoff.de\/wp-content\/uploads\/2018\/01\/Her-mit-dem-Schrott_HANDELSBLATT-1024x729.jpg 1024w\" sizes=\"(max-width: 600px) 100vw, 600px\" \/><\/a><\/p>\n<h3><a href=\"https:\/\/www.schophoff.de\/wp-content\/uploads\/2011\/06\/Her-mit-dem-Schrott_Handelsblatt.pdf\"><strong>Her mit dem Schrott!<\/strong><\/a><\/h3>\n<p>Bauboom in Fernost, Wirtschaftswunder in Deutschland: Metallschrott ist derzeit einer der begehrtesten Rohstoffe, die Preise explodieren. Der Weg eines alten Heizk\u00f6rpers zeigt, wie sich Schrott zum Milliardengesch\u00e4ft entwickelt<\/p>\n<p><span style=\"color: #ffffff;\">Handelsblatt, Juli 2011<br \/>\n<\/span><\/p>\n<p><span style=\"color: #ffffff;\"><span style=\"color: #333333;\">___________________________________________________________________________<\/span><\/span><\/p>\n<p><a href=\"..\/wp-content\/uploads\/2011\/06\/Die-Vogelfreien_GO.pdf\"><img loading=\"lazy\" decoding=\"async\" class=\"alignright  wp-image-896\" src=\"https:\/\/www.schophoff.de\/wp-content\/uploads\/2018\/01\/Die-Vogelfreien_GO-2011-300x204.jpg\" alt=\"\" width=\"601\" height=\"409\" srcset=\"https:\/\/www.schophoff.de\/wp-content\/uploads\/2018\/01\/Die-Vogelfreien_GO-2011-300x204.jpg 300w, https:\/\/www.schophoff.de\/wp-content\/uploads\/2018\/01\/Die-Vogelfreien_GO-2011-768x521.jpg 768w, https:\/\/www.schophoff.de\/wp-content\/uploads\/2018\/01\/Die-Vogelfreien_GO-2011-1024x695.jpg 1024w, https:\/\/www.schophoff.de\/wp-content\/uploads\/2018\/01\/Die-Vogelfreien_GO-2011.jpg 1654w\" sizes=\"(max-width: 601px) 100vw, 601px\" \/><\/a><\/p>\n<h3><a href=\"..\/wp-content\/uploads\/2011\/06\/Die-Vogelfreien_GO.pdf\"><strong>Die Vogelfreien<\/strong><\/a><\/h3>\n<p>Illegale J\u00e4ger schie\u00dfen auf dem Balkan jedes Jahr Millionen Zugv\u00f6gel vom Himmel. Ein deutscher Ornithologe versucht, das Massaker zu verhindern. In einem Naturschutzgebiet in Bosnien-Herzegowina trifft er auf eine Horde Gesetzloser<\/p>\n<p><span style=\"color: #ffffff;\"><em>GO-Magazin,<\/em> Apil 2011\u00a0<\/span><\/p>\n","protected":false},"excerpt":{"rendered":"<p>Ich bin eine Insel Sommer in Schweden, eine einsame Insel mit nur einem Haus. Jenseits des Festlands finden drei Freunde die Freiheit, sie selbst zu sein. Frankfurter Allgemeine Sonntagszeitung, August 2025 Ausgezeichnet mit dem VDRJ-Medienpreis 2026 (Hauptpreis) __________________________________________________________________________ Die Herzen &#8222;So stehen sie da, nicht lang vor Weihnachten, die fliegenden Ha\u0308ndler mit ihren illegalen Herzen&#8230;.<\/p>\n<div class=\"read_more\"><a href=\"https:\/\/www.schophoff.de\/?page_id=44\">Read More<\/a><\/div>\n","protected":false},"author":1,"featured_media":0,"parent":24,"menu_order":0,"comment_status":"open","ping_status":"closed","template":"","meta":{"footnotes":""},"_links":{"self":[{"href":"https:\/\/www.schophoff.de\/index.php?rest_route=\/wp\/v2\/pages\/44"}],"collection":[{"href":"https:\/\/www.schophoff.de\/index.php?rest_route=\/wp\/v2\/pages"}],"about":[{"href":"https:\/\/www.schophoff.de\/index.php?rest_route=\/wp\/v2\/types\/page"}],"author":[{"embeddable":true,"href":"https:\/\/www.schophoff.de\/index.php?rest_route=\/wp\/v2\/users\/1"}],"replies":[{"embeddable":true,"href":"https:\/\/www.schophoff.de\/index.php?rest_route=%2Fwp%2Fv2%2Fcomments&post=44"}],"version-history":[{"count":250,"href":"https:\/\/www.schophoff.de\/index.php?rest_route=\/wp\/v2\/pages\/44\/revisions"}],"predecessor-version":[{"id":1088,"href":"https:\/\/www.schophoff.de\/index.php?rest_route=\/wp\/v2\/pages\/44\/revisions\/1088"}],"up":[{"embeddable":true,"href":"https:\/\/www.schophoff.de\/index.php?rest_route=\/wp\/v2\/pages\/24"}],"wp:attachment":[{"href":"https:\/\/www.schophoff.de\/index.php?rest_route=%2Fwp%2Fv2%2Fmedia&parent=44"}],"curies":[{"name":"wp","href":"https:\/\/api.w.org\/{rel}","templated":true}]}}